{"id":1909,"date":"2025-08-06T16:41:46","date_gmt":"2025-08-06T19:41:46","guid":{"rendered":"https:\/\/ybibrazil.com\/?post_type=product&#038;p=1909"},"modified":"2026-04-18T23:26:20","modified_gmt":"2026-04-19T02:26:20","slug":"oleo-essencial-de-capim-limao","status":"publish","type":"product","link":"https:\/\/ybibrazil.com\/en\/product\/oleo-essencial-de-capim-limao\/","title":{"rendered":"OLEO ESSENCIAL DE CAPIM LIM\u00c3O"},"content":{"rendered":"<p>O \u00f3leo essencial de Capim Lim\u00e3o, tem a\u00e7\u00e3o revigorante, combate o cansa\u00e7o f\u00edsico\u00a0e mental. Reduz a oleosidade da pele e a seborreia. \u00c9 uma planta medicinal perene, nativa da Mal\u00e1sia, e cultivada em todo o mundo, inclusive no Brasil.<br \/>\nDescri\u00e7\u00e3o olfativa: fresco, adocicado, c\u00edtrico, refrescante.<\/p>\n<p class=\"s6\"><span class=\"s5\">FICHA T\u00c9CNICA<\/span><\/p>\n<p class=\"s8\"><span class=\"s5\">Nome da Subst\u00e2ncia:<\/span> \u00d3leo Essencial de Capim Lim\u00e3o<\/p>\n<p class=\"s8\"><span class=\"s5\">Composi\u00e7\u00e3o<\/span>: 100%<\/p>\n<p class=\"s8\"><span class=\"s5\">CAS<\/span>: <span class=\"s9\">91.844.92-7<\/span><\/p>\n<p class=\"s8\"><span class=\"s5\">INCI<\/span>: Cymbopogon flexuosos Leaf Oil<\/p>\n<p class=\"s11\"><span class=\"s5\">Caracter\u00edsticas: <\/span>O capim-lim\u00e3o \u00e9 nativo de regi\u00f5es tropicais como \u00c1frica, \u00c1sia, Sudeste Asi\u00e1tico, Austr\u00e1lia e Oceania, onde \u00d3leo Essencial de Capim Lim\u00e3o tem sido usado tradicionalmente para fins medicinais, cosm\u00e9ticos e culin\u00e1rios. Este \u00f3leo essencial apresenta propriedades analg\u00e9sicas e por isso \u00e9 bastante utilizado para aliviar dores musculares e articulares causadas pelo esfor\u00e7o f\u00edsico excessivo. Tamb\u00e9m possui a propriedade de aumentar a energia e reduzir a febre, bem como dores de cabe\u00e7a causadas por infec\u00e7\u00f5es virais, como a gripe. Usado cosmeticamente, o \u00f3leo de capim-lim\u00e3o pode eliminar ou inibir o crescimento de bact\u00e9rias devido ao seu teor de citral, que \u00e9 forte a\u00e7\u00e3o antimicrobiana. Quando usado em shampoos e t\u00f4nicos capilares previne a queda de cabelos.<\/p>\n<p class=\"s12\"><span class=\"s5\">Aplica\u00e7\u00f5es:<\/span><\/p>\n<p class=\"s11\">Cosm\u00e9tico: Cremes e lo\u00e7\u00f5es corporais, desodorantes, t\u00f4nicos faciais e capilares, produtos para crescimento e fortalecimento capilar, \u00f3leos e cremes de massagem, \u00f3leos de banho.<\/p>\n<p class=\"s14\"><span class=\"s5\">Concentra\u00e7\u00e3o de uso:<\/span><span class=\"s5\"> \u00a0<\/span><span class=\"s13\">0,1 \u2013 1,0 %<\/span><\/p>\n<p class=\"s16\"><span class=\"s15\">CARACTER\u00cdSTICAS FISICO QU\u00cdMICAS<\/span><\/p>\n<table>\n<tbody>\n<tr>\n<td class=\"s17\">\n<div>\n<p class=\"s4\"><span class=\"s18\">Apar\u00eancia<\/span><\/p>\n<\/div>\n<\/td>\n<td class=\"s17\">\n<div>\n<p class=\"s4\">L\u00edquido l\u00edmpido<\/p>\n<\/div>\n<\/td>\n<\/tr>\n<tr>\n<td class=\"s17\">\n<div>\n<p class=\"s4\"><span class=\"s18\">Cor<\/span><\/p>\n<\/div>\n<\/td>\n<td class=\"s17\">\n<div>\n<p class=\"s4\">Incolor \u2013 Amarelo<\/p>\n<\/div>\n<\/td>\n<\/tr>\n<tr>\n<td class=\"s17\">\n<div>\n<p class=\"s4\"><span class=\"s18\">Odor<\/span><\/p>\n<\/div>\n<\/td>\n<td class=\"s17\">\n<div>\n<p class=\"s4\"><span class=\"s18\">Caracter\u00edstico<\/span><\/p>\n<\/div>\n<\/td>\n<\/tr>\n<tr>\n<td class=\"s17\">\n<div>\n<p class=\"s4\">Densidade (<span class=\"s13\">2<\/span><span class=\"s13\">0<\/span><span class=\"s13\">\u00b0C<\/span><span class=\"s13\">)<\/span><\/p>\n<\/div>\n<\/td>\n<td class=\"s17\">\n<div>\n<p class=\"s4\">0,974 \u2013 0,994<\/p>\n<\/div>\n<\/td>\n<\/tr>\n<tr>\n<td class=\"s17\">\n<div>\n<p class=\"s4\">Solubilidade em \u00e1gua<\/p>\n<\/div>\n<\/td>\n<td class=\"s17\">\n<div>\n<p class=\"s4\">Insol\u00favel<\/p>\n<\/div>\n<\/td>\n<\/tr>\n<tr>\n<td class=\"s17\">\n<div>\n<p class=\"s4\">Solubilidade em etanol absoluto<\/p>\n<\/div>\n<\/td>\n<td class=\"s17\">\n<div>\n<p class=\"s4\">Sol\u00favel<\/p>\n<\/div>\n<\/td>\n<\/tr>\n<\/tbody>\n<\/table>\n<p class=\"s11\">Esse produto n\u00e3o contem OGM e n\u00e3o foi utilizado para testes em animais.<\/p>\n<p class=\"s24\"><span class=\"s21\">ARMAZENAMENTO:<\/span><span class=\"s22\"> \u00a0<\/span><span class=\"s22\">Armazenar em local fresco e arejado ao abrigo da luz, \u00e0 temperatura constante preferencialmente ambiente.<\/span> <a name=\"_Hlk109982778\"><\/a><span class=\"s22\">Temperatura recomendada para armazenagem \u00e9 de 2<\/span><span class=\"s22\">2<\/span><span class=\"s22\">\u00b0C <\/span><span class=\"s22\">\u00b12<\/span><span class=\"s22\">\u00b0C<\/span><span class=\"s22\">.<\/span><\/p>\n","protected":false},"excerpt":{"rendered":"<p>O \u00f3leo essencial de Capim Lim\u00e3o tem a\u00e7\u00e3o revigorante, combate o cansa\u00e7o f\u00edsico e mental. Reduz a oleosidade da pele e a seborreia.<\/p>\n","protected":false},"featured_media":2682,"comment_status":"open","ping_status":"closed","template":"","meta":{"_joinchat":[]},"product_brand":[],"product_cat":[48],"product_tag":[57,47],"class_list":{"0":"post-1909","1":"product","2":"type-product","3":"status-publish","4":"has-post-thumbnail","6":"product_cat-oleo-essencial","7":"product_tag-essencial","8":"product_tag-oleos","10":"first","11":"instock","12":"taxable","13":"shipping-taxable","14":"purchasable","15":"product-type-variable"},"_links":{"self":[{"href":"https:\/\/ybibrazil.com\/en\/wp-json\/wp\/v2\/product\/1909","targetHints":{"allow":["GET"]}}],"collection":[{"href":"https:\/\/ybibrazil.com\/en\/wp-json\/wp\/v2\/product"}],"about":[{"href":"https:\/\/ybibrazil.com\/en\/wp-json\/wp\/v2\/types\/product"}],"replies":[{"embeddable":true,"href":"https:\/\/ybibrazil.com\/en\/wp-json\/wp\/v2\/comments?post=1909"}],"wp:featuredmedia":[{"embeddable":true,"href":"https:\/\/ybibrazil.com\/en\/wp-json\/wp\/v2\/media\/2682"}],"wp:attachment":[{"href":"https:\/\/ybibrazil.com\/en\/wp-json\/wp\/v2\/media?parent=1909"}],"wp:term":[{"taxonomy":"product_brand","embeddable":true,"href":"https:\/\/ybibrazil.com\/en\/wp-json\/wp\/v2\/product_brand?post=1909"},{"taxonomy":"product_cat","embeddable":true,"href":"https:\/\/ybibrazil.com\/en\/wp-json\/wp\/v2\/product_cat?post=1909"},{"taxonomy":"product_tag","embeddable":true,"href":"https:\/\/ybibrazil.com\/en\/wp-json\/wp\/v2\/product_tag?post=1909"}],"curies":[{"name":"wp","href":"https:\/\/api.w.org\/{rel}","templated":true}]}}