{"id":2094,"date":"2025-08-10T11:39:02","date_gmt":"2025-08-10T14:39:02","guid":{"rendered":"https:\/\/ybibrazil.com\/?post_type=product&#038;p=2094"},"modified":"2026-03-18T22:56:53","modified_gmt":"2026-03-19T01:56:53","slug":"oleo-de-amendoa-doce","status":"publish","type":"product","link":"https:\/\/ybibrazil.com\/en\/product\/oleo-de-amendoa-doce\/","title":{"rendered":"OLEO DE AMENDOA DOCE"},"content":{"rendered":"<p>\u00d3leo de Am\u00eandoa Doce \u00e9 um \u00f3leo altamente emoliente para pele e cabelos, obtido da semente de Prunus amygdalus dulcis. Possui colora\u00e7\u00e3o amarelo a amarelo palha e \u00e9 extensamente empregado em formula\u00e7\u00f5es hidratantes para cuidado pessoal. \u00c9 um \u00f3leo de baixa densidade, confere hidrata\u00e7\u00e3o e contribui para manter a flexibilidade natural da pele, por isso se utiliza bastante como \u00f3leo carreador em aromaterapia. Age como suavizante e emoliente para todos os tipos de peles. \u00c9 indicado especialmente para tratamento corporal pois sua velocidade de absor\u00e7\u00e3o pela pele \u00e9 mais lenta. Tem \u00f3timo poder lubrificante facilita o deslizamento, sendo indicado para massagens relaxantes, esportivas e modeladoras.<\/p>\n<p class=\"s7\"><span class=\"s5\">FICHA T\u00c9CNICA<\/span><\/p>\n<p class=\"s10\"><span class=\"s9\">Nome da Subst\u00e2ncia:<\/span> \u00d3leo de Am\u00eandoa Doce<\/p>\n<p class=\"s10\"><span class=\"s9\">Composi\u00e7\u00e3o<\/span>: 100%<\/p>\n<p class=\"s10\"><span class=\"s9\">CAS<\/span>: 8007-69-0<\/p>\n<p class=\"s10\"><span class=\"s9\">INCI<\/span>: Prunus Amygdalus Dulcis<\/p>\n<p class=\"s12\"><span class=\"s9\">Caracter\u00edsticas: <\/span>\u00d3leo de Am\u00eandoa Doce \u00e9 um \u00f3leo altamente emoliente para pele e cabelos, obtido da semente de Prunus amygdalus dulcis. Possui colora\u00e7\u00e3o amarelo a amarelo palha e \u00e9 extensamente empregado em formula\u00e7\u00f5es hidratantes para cuidado pessoal. \u00c9 um \u00f3leo de baixa densidade, confere hidrata\u00e7\u00e3o e contribui para manter a flexibilidade natural da pele, por isso se utiliza bastante como \u00f3leo carreador em aromaterapia. Age como suavizante e emoliente para todos os tipos de peles. \u00c9 indicado especialmente para tratamento corporal pois sua velocidade de absor\u00e7\u00e3o pela pele \u00e9 mais lenta. Tem \u00f3timo poder lubrificante facilita o deslizamento, sendo indicado para massagens relaxantes, esportivas e modeladoras.<\/p>\n<p class=\"s12\"><span class=\"s9\">Aplica\u00e7\u00f5es:<\/span><\/p>\n<p class=\"s13\">Cosm\u00e9tico: cremes, lo\u00e7\u00f5es, shampoos, condicionador, mascara hidratante, sabonetes, \u00f3leos de banho, produtos para massagem, produtos para preven\u00e7\u00e3o de estrias.<\/p>\n<p class=\"s12\"><span class=\"s9\">Concentra\u00e7\u00e3o de uso:<\/span><span class=\"s9\"> \u00a0<\/span>2 a 10% em formula\u00e7\u00f5es cosm\u00e9ticas. Em aromaterapia pode ser usado sozinho ou em associa\u00e7\u00e3o com outros \u00f3leos vegetais ou sint\u00e9ticos.<\/p>\n<p class=\"s15\"><span class=\"s14\">CARACTER\u00cdSTICAS FISICO QU\u00cdMICAS<\/span><\/p>\n<table>\n<tbody>\n<tr>\n<td class=\"s16\">\n<div>\n<p class=\"s18\"><span class=\"s17\">Apar\u00eancia<\/span><\/p>\n<\/div>\n<\/td>\n<td class=\"s16\">\n<div>\n<p class=\"s18\"><span class=\"s17\">Liquido transparente<\/span><\/p>\n<\/div>\n<\/td>\n<\/tr>\n<tr>\n<td class=\"s16\">\n<div>\n<p class=\"s18\"><span class=\"s17\">Cor<\/span><\/p>\n<\/div>\n<\/td>\n<td class=\"s16\">\n<div>\n<p class=\"s18\"><span class=\"s17\">De amarelo palha claro a amarelo<\/span><\/p>\n<\/div>\n<\/td>\n<\/tr>\n<tr>\n<td class=\"s16\">\n<div>\n<p class=\"s18\"><span class=\"s17\">Odor<\/span><\/p>\n<\/div>\n<\/td>\n<td class=\"s16\">\n<div>\n<p class=\"s18\"><span class=\"s17\">Caracter\u00edstico<\/span><\/p>\n<\/div>\n<\/td>\n<\/tr>\n<tr>\n<td class=\"s16\">\n<div>\n<p class=\"s18\"><span class=\"s17\">Densidade a 20\u00b0C<\/span><\/p>\n<\/div>\n<\/td>\n<td class=\"s16\">\n<div>\n<p class=\"s18\"><span class=\"s17\">0,900 &#8211; 0,920<\/span><\/p>\n<\/div>\n<\/td>\n<\/tr>\n<tr>\n<td class=\"s16\">\n<div>\n<p class=\"s18\"><span class=\"s17\">\u00cdndice de Acidez (<\/span><span class=\"s17\">mgKOH<\/span><span class=\"s17\">\/g)<\/span><\/p>\n<\/div>\n<\/td>\n<td class=\"s16\">\n<div>\n<p class=\"s18\"><span class=\"s17\">M\u00e1ximo 1,0<\/span><\/p>\n<\/div>\n<\/td>\n<\/tr>\n<tr>\n<td class=\"s16\">\n<div>\n<p class=\"s18\"><span class=\"s17\">\u00cdndice de Per\u00f3xido (<\/span><span class=\"s17\">meq<\/span><span class=\"s17\">\/Kg)<\/span><\/p>\n<\/div>\n<\/td>\n<td class=\"s16\">\n<div>\n<p class=\"s18\"><span class=\"s17\">M\u00e1ximo 5,0<\/span><\/p>\n<\/div>\n<\/td>\n<\/tr>\n<\/tbody>\n<\/table>\n<p class=\"s20\"><span class=\"s14\">Armazenamento<\/span><span class=\"s14\">:<\/span><span class=\"s17\"> \u00a0Armazenar em local fresco e arejado ao abrigo da luz, \u00e0 temperatura constante preferencialmente ambiente.<\/span><\/p>\n<p class=\"s22\"><span class=\"s21\">Referencias: <\/span><\/p>\n<p class=\"s11\"><span class=\"s24\">&#8211; <\/span><span class=\"s24\">AMARAL, Fernando. T\u00e9cnicas de Aplica\u00e7\u00e3o de \u00d3leos Essenciais\u2013Terapias de Sa\u00fade e Beleza.\u00a0<\/span><span class=\"s25\">S\u00e3o Paulo: <\/span><span class=\"s25\">Cengage<\/span><span class=\"s25\"> Learning<\/span><\/p>\n","protected":false},"excerpt":{"rendered":"<p>\u00d3leo vegetal extra\u00eddo das sementes da amendoeira.<br \/>\nEmoliente cl\u00e1ssico em lo\u00e7\u00f5es infantis, cremes e \u00f3leos corporais.<br \/>\nBase nutritiva em aromaterapia.<\/p>\n","protected":false},"featured_media":2451,"comment_status":"open","ping_status":"closed","template":"","meta":{"_joinchat":[]},"product_brand":[],"product_cat":[55],"product_tag":[56],"class_list":{"0":"post-2094","1":"product","2":"type-product","3":"status-publish","4":"has-post-thumbnail","6":"product_cat-oleo-vegetal","7":"product_tag-vegetal","9":"first","10":"instock","11":"sold-individually","12":"taxable","13":"shipping-taxable","14":"purchasable","15":"product-type-variable"},"_links":{"self":[{"href":"https:\/\/ybibrazil.com\/en\/wp-json\/wp\/v2\/product\/2094","targetHints":{"allow":["GET"]}}],"collection":[{"href":"https:\/\/ybibrazil.com\/en\/wp-json\/wp\/v2\/product"}],"about":[{"href":"https:\/\/ybibrazil.com\/en\/wp-json\/wp\/v2\/types\/product"}],"replies":[{"embeddable":true,"href":"https:\/\/ybibrazil.com\/en\/wp-json\/wp\/v2\/comments?post=2094"}],"wp:featuredmedia":[{"embeddable":true,"href":"https:\/\/ybibrazil.com\/en\/wp-json\/wp\/v2\/media\/2451"}],"wp:attachment":[{"href":"https:\/\/ybibrazil.com\/en\/wp-json\/wp\/v2\/media?parent=2094"}],"wp:term":[{"taxonomy":"product_brand","embeddable":true,"href":"https:\/\/ybibrazil.com\/en\/wp-json\/wp\/v2\/product_brand?post=2094"},{"taxonomy":"product_cat","embeddable":true,"href":"https:\/\/ybibrazil.com\/en\/wp-json\/wp\/v2\/product_cat?post=2094"},{"taxonomy":"product_tag","embeddable":true,"href":"https:\/\/ybibrazil.com\/en\/wp-json\/wp\/v2\/product_tag?post=2094"}],"curies":[{"name":"wp","href":"https:\/\/api.w.org\/{rel}","templated":true}]}}