{"id":2095,"date":"2025-08-10T11:39:03","date_gmt":"2025-08-10T14:39:03","guid":{"rendered":"https:\/\/ybibrazil.com\/?post_type=product&#038;p=2095"},"modified":"2026-04-18T23:26:20","modified_gmt":"2026-04-19T02:26:20","slug":"oleo-de-maracuja","status":"publish","type":"product","link":"https:\/\/ybibrazil.com\/en\/product\/oleo-de-maracuja\/","title":{"rendered":"OLEO DE MARACUJA"},"content":{"rendered":"<p>O \u00f3leo de maracuj\u00e1 \u00e9 extra\u00eddo das sementes do fruto de Passiflora edulis. Rico em \u00e1cidos graxos essenciais, age como anti-inflamat\u00f3rio e acalma a pele irritada. Com aproximadamente 70% de \u00e1cido linoleico (\u00f4mega-6), este \u00f3leo tem alta capacidade de regenera\u00e7\u00e3o da camada lip\u00eddica da pele, melhora elasticidade e tamb\u00e9m age como um antioxidante natural. Com toque leve e r\u00e1pida absor\u00e7\u00e3o pode ser usado em produtos capilares para garantir maciez e brilho aos fios. Tanto na pele quanto nos cabelos \u00e9 facilmente absorvido sem formar pel\u00edcula pegajosa ou gordurosa.<\/p>\n<p class=\"s6\"><span class=\"s5\">FICHA T\u00c9CNICA<\/span><\/p>\n<p class=\"s8\"><span class=\"s7\">Nome da Subst\u00e2ncia:<\/span> \u00d3leo de Maracuj\u00e1<\/p>\n<p class=\"s10\"><span class=\"s7\">Nome Ci<\/span><span class=\"s7\">e<\/span><span class=\"s7\">nt\u00edfico<\/span><span class=\"s7\">:<\/span> <span class=\"s9\">Passiflora edulis<\/span><\/p>\n<p class=\"s10\"><span class=\"s7\">Composi\u00e7\u00e3o<\/span>: 100%<\/p>\n<p class=\"s8\"><span class=\"s7\">CAS<\/span>: <span class=\"s11\">97676-26-1<\/span><\/p>\n<p class=\"s8\"><span class=\"s7\">INCI<\/span>: <span class=\"s9\">Passiflora Edulis Seed Oil<\/span><\/p>\n<p class=\"s8\"><span class=\"s12\">NCM:<\/span><span class=\"s9\"> \u00a0<\/span><span class=\"s9\">15159090<\/span><\/p>\n<p class=\"s15\"><span class=\"s7\">Caracter\u00edsticas:<\/span> O \u00f3leo de maracuj\u00e1 \u00e9 extra\u00eddo das sementes do fruto de <span class=\"s14\">Passiflora edulis<\/span>. \u00a0Rico em \u00e1cidos graxos essenciais, age como anti-inflamat\u00f3rio e acalma a pele irritada. Com aproximadamente 70% de \u00e1cido linoleico (\u00f4mega-6), este \u00f3leo tem alta capacidade de regenera\u00e7\u00e3o da camada lip\u00eddica da pele, melhora elasticidade e tamb\u00e9m age como um antioxidante natural. Com toque leve e r\u00e1pida absor\u00e7\u00e3o pode ser usado em produtos capilares para garantir maciez e brilho aos fios. Tanto na pele quanto nos cabelos \u00e9 facilmente absorvido \u00a0sem formar pel\u00edcula pegajosa ou gordurosa.<\/p>\n<p class=\"s16\"><span class=\"s7\">Aplica\u00e7\u00f5es: <\/span>cremes, lo\u00e7\u00f5es e s\u00e9runs regeneradores, produtos para preven\u00e7\u00e3o do envelhecimento, nutri\u00e7\u00e3o e hidrata\u00e7\u00e3o capilar, produtos para regenera\u00e7\u00e3o da epiderme, cicatrizantes.<\/p>\n<p class=\"s17\"><span class=\"s7\">Concentra\u00e7\u00e3o de uso:<\/span> 1 a 10 %.<\/p>\n<p class=\"s18\"><span class=\"s7\">CARACTER\u00cdSTICAS F\u00cdSICO-QU\u00cdMICAS<\/span><\/p>\n<table>\n<tbody>\n<tr>\n<td class=\"s19\">\n<div>\n<p class=\"s15\">Acidez em mg KOH\/g<\/p>\n<\/div>\n<\/td>\n<td class=\"s19\">\n<div>\n<p class=\"s15\"><span class=\"s11\">&lt; 10.00.<\/span><\/p>\n<\/div>\n<\/td>\n<\/tr>\n<tr>\n<td class=\"s19\">\n<div>\n<p class=\"s15\">Per\u00f3xidos (meq\/Kg)<\/p>\n<\/div>\n<\/td>\n<td class=\"s19\">\n<div>\n<p class=\"s21\"><span class=\"s20\">&lt; 10.00.<\/span><\/p>\n<\/div>\n<\/td>\n<\/tr>\n<tr>\n<td class=\"s19\">\n<div>\n<p class=\"s15\">\u00cdndice de iodo <span class=\"s11\">(cgl\/g):<\/span><\/p>\n<\/div>\n<\/td>\n<td class=\"s19\">\n<div>\n<p class=\"s15\"><span class=\"s11\">120.00 \u2013 140. 00.<\/span><\/p>\n<\/div>\n<\/td>\n<\/tr>\n<tr>\n<td class=\"s19\">\n<div>\n<p class=\"s15\">Umidade (%)<\/p>\n<\/div>\n<\/td>\n<td class=\"s19\">\n<div>\n<p class=\"s15\"><span class=\"s11\">Max 0,5% \u00a0<\/span><\/p>\n<\/div>\n<\/td>\n<\/tr>\n<\/tbody>\n<\/table>\n<p class=\"s22\"><span class=\"s7\">COMPOSI\u00c7\u00c3O &#8211; <\/span><span class=\"s7\">\u00c1CIDOS GRAXOS<\/span><span class=\"s7\">*<\/span><span class=\"s7\"> (M\u00c9DIA)<\/span><\/p>\n<table>\n<tbody>\n<tr>\n<td class=\"s19\">\n<div>\n<p class=\"s15\">\u00c1cido \u00a0palm\u00edtico (16:0)<\/p>\n<\/div>\n<\/td>\n<td class=\"s19\">\n<div>\n<p class=\"s15\">8 %<\/p>\n<\/div>\n<\/td>\n<\/tr>\n<tr>\n<td class=\"s19\">\n<div>\n<p class=\"s15\">\u00c1cido este\u00e1rico (18:0)<\/p>\n<\/div>\n<\/td>\n<td class=\"s19\">\n<div>\n<p class=\"s21\"><span class=\"s23\">2 %<\/span><\/p>\n<\/div>\n<\/td>\n<\/tr>\n<tr>\n<td class=\"s19\">\n<div>\n<p class=\"s15\">\u00c1cido oleico (18:1 \u00f4mega 9)<\/p>\n<\/div>\n<\/td>\n<td class=\"s19\">\n<div>\n<p class=\"s15\">12 %<\/p>\n<\/div>\n<\/td>\n<\/tr>\n<tr>\n<td class=\"s19\">\n<div>\n<p class=\"s15\">\u00c1cido linoleico (18:2 \u00a0\u00f4mega 6)<\/p>\n<\/div>\n<\/td>\n<td class=\"s19\">\n<div>\n<p class=\"s15\">77 %<\/p>\n<\/div>\n<\/td>\n<\/tr>\n<\/tbody>\n<\/table>\n<p class=\"s25\"><span class=\"s24\">*Physical and chemical characteristics of oils, fats, and waxes \/ editor, David Firestone. \u2014 Third edition. AOCS, 2013.<\/span><\/p>\n<p class=\"s22\"><span class=\"s7\">CARACTER\u00cdSTICAS ORGANOL\u00c9PTICAS<\/span><\/p>\n<table>\n<tbody>\n<tr>\n<td class=\"s19\">\n<div>\n<p class=\"s15\">Cor<\/p>\n<\/div>\n<\/td>\n<td class=\"s19\">\n<div>\n<p class=\"s15\">Amarelo escuro<\/p>\n<\/div>\n<\/td>\n<\/tr>\n<tr>\n<td class=\"s19\">\n<div>\n<p class=\"s15\">Aspecto<\/p>\n<\/div>\n<\/td>\n<td class=\"s19\">\n<div>\n<p class=\"s21\"><span class=\"s23\">\u00d3leo l\u00edmpido<\/span><\/p>\n<\/div>\n<\/td>\n<\/tr>\n<tr>\n<td class=\"s19\">\n<div>\n<p class=\"s15\">Odor<\/p>\n<\/div>\n<\/td>\n<td class=\"s19\">\n<div>\n<p class=\"s15\">Caracter\u00edstico<\/p>\n<\/div>\n<\/td>\n<\/tr>\n<tr>\n<td class=\"s19\">\n<div>\n<p class=\"s15\">Sabor<\/p>\n<\/div>\n<\/td>\n<td class=\"s19\">\n<div>\n<p class=\"s15\">Caracter\u00edstico<\/p>\n<\/div>\n<\/td>\n<\/tr>\n<\/tbody>\n<\/table>\n<p class=\"s28\"><span class=\"s27\">ARMAZENAMENTO:<\/span><span class=\"s20\"> \u00a0Armazenar em local fresco e arejado ao abrigo da luz, \u00e0 temperatura constante preferencialmente ambiente. <\/span><span class=\"s20\">Temperatura recomendada para armazenagem \u00e9 de 2<\/span><span class=\"s20\">2<\/span><span class=\"s20\">\u00b0C <\/span><span class=\"s20\">\u00b1<\/span><span class=\"s20\">2<\/span><span class=\"s20\">\u00b0C.<\/span><\/p>\n<p class=\"s30\"><span class=\"s7\">REFER\u00caNCIAS: <\/span><\/p>\n<div class=\"s32\"><span class=\"s31\">&#8211; <\/span>GRUENWALD, Joerg; BRENDLER, Thomas; JAENICKE, Christof. PDR for Herbal Medicines. 4\u00ba Edi\u00e7\u00e3o: Thomson, 2007. 330-331 p.<\/div>\n<div class=\"s33\"><span class=\"s31\">&#8211; <\/span>FIRESTONE, David Physical and chemical characteristics of oils, fats, and waxes. Third edition. AOCS, 2013.<\/div>\n","protected":false},"excerpt":{"rendered":"<p>\u00d3leo vegetal extra\u00eddo das sementes do maracuj\u00e1.<br \/>\nCalmante e hidratante, usado em cosm\u00e9ticos para peles sens\u00edveis.<br \/>\nA\u00e7\u00e3o relaxante suave.<br \/>\nAtividade anti-inflamat\u00f3ria.<\/p>\n","protected":false},"featured_media":2442,"comment_status":"open","ping_status":"closed","template":"","meta":{"_joinchat":[]},"product_brand":[],"product_cat":[55],"product_tag":[56],"class_list":{"0":"post-2095","1":"product","2":"type-product","3":"status-publish","4":"has-post-thumbnail","6":"product_cat-oleo-vegetal","7":"product_tag-vegetal","9":"first","10":"instock","11":"sold-individually","12":"taxable","13":"shipping-taxable","14":"purchasable","15":"product-type-variable"},"_links":{"self":[{"href":"https:\/\/ybibrazil.com\/en\/wp-json\/wp\/v2\/product\/2095","targetHints":{"allow":["GET"]}}],"collection":[{"href":"https:\/\/ybibrazil.com\/en\/wp-json\/wp\/v2\/product"}],"about":[{"href":"https:\/\/ybibrazil.com\/en\/wp-json\/wp\/v2\/types\/product"}],"replies":[{"embeddable":true,"href":"https:\/\/ybibrazil.com\/en\/wp-json\/wp\/v2\/comments?post=2095"}],"wp:featuredmedia":[{"embeddable":true,"href":"https:\/\/ybibrazil.com\/en\/wp-json\/wp\/v2\/media\/2442"}],"wp:attachment":[{"href":"https:\/\/ybibrazil.com\/en\/wp-json\/wp\/v2\/media?parent=2095"}],"wp:term":[{"taxonomy":"product_brand","embeddable":true,"href":"https:\/\/ybibrazil.com\/en\/wp-json\/wp\/v2\/product_brand?post=2095"},{"taxonomy":"product_cat","embeddable":true,"href":"https:\/\/ybibrazil.com\/en\/wp-json\/wp\/v2\/product_cat?post=2095"},{"taxonomy":"product_tag","embeddable":true,"href":"https:\/\/ybibrazil.com\/en\/wp-json\/wp\/v2\/product_tag?post=2095"}],"curies":[{"name":"wp","href":"https:\/\/api.w.org\/{rel}","templated":true}]}}