{"id":2182,"date":"2025-08-13T15:57:09","date_gmt":"2025-08-13T18:57:09","guid":{"rendered":"https:\/\/ybibrazil.com\/?post_type=product&#038;p=2182"},"modified":"2026-04-30T10:16:40","modified_gmt":"2026-04-30T13:16:40","slug":"manteiga-de-karite","status":"publish","type":"product","link":"https:\/\/ybibrazil.com\/en\/product\/manteiga-de-karite\/","title":{"rendered":"MANTEIGA DE KARITE"},"content":{"rendered":"<p>A Manteiga de Karit\u00e9 possui em sua composi\u00e7\u00e3o \u00e1cidos graxos \u00f4mega-9, \u00f4mega-6, vitamina A e vitamina E. Com toque seco e suave apresenta propriedades restauradoras e confere maciez e hidrata\u00e7\u00e3o em profundidade, sendo indicada em formula\u00e7\u00f5es preventivas de estrias e para tratar a pele seca e desidratada. Estudos recentes mostraram que o uso t\u00f3pico da manteiga de Karit\u00e9 possui alto potencial hidratante, emoliente e antienvelhecimento.<\/p>\n<p class=\"s6\"><span class=\"s5\">FICHA T\u00c9CNICA<\/span><\/p>\n<p class=\"s9\"><span class=\"s8\">Nome da Subst\u00e2ncia:<\/span> Manteiga de Karit\u00e9<\/p>\n<p class=\"s9\"><span class=\"s8\">Composi\u00e7\u00e3o<\/span>: 100%<\/p>\n<p class=\"s9\"><span class=\"s8\">CAS<\/span>: 194043-92-0<\/p>\n<p class=\"s13\"><span class=\"s10\">INCI<\/span><span class=\"s11\">:<\/span> <span class=\"s12\">BUTYROSPERMUM PARKII BUTTER<\/span><\/p>\n<p class=\"s16\"><span class=\"s15\">Caracter\u00edsticas: <\/span><\/p>\n<p class=\"s17\">A Manteiga de Karit\u00e9 possui em sua composi\u00e7\u00e3o \u00e1cidos graxos \u00f4mega-9, \u00f4mega-6, vitamina A e vitamina E. Com toque seco e suave apresenta propriedades restauradorase confere maciez e hidrata\u00e7\u00e3o em profundidade, sendo indicada em formula\u00e7\u00f5es preventivas de estrias e para tratar a pele seca e desidratada. Estudos recentes mostraram que o uso t\u00f3pico da manteiga de Karit\u00e9 possui alto potencial hidratante, emoliente e antienvelhecimento.<\/p>\n<p class=\"s18\"><span class=\"s8\">Aplica\u00e7\u00f5es: <\/span><\/p>\n<p class=\"s17\">\u00c9 recomendada em formula\u00e7\u00f5es de cuidados da face, l\u00e1bios, pele acneica, fotoprotetorese p\u00f3s sol, produtos de limpeza, maquiagem e para cuidado e nutri\u00e7\u00e3o capilar. Pode ser incorporada em lo\u00e7\u00f5es, cremes, manteigas, batons, condicionadores e mascaras de tratamento.<\/p>\n<p class=\"s19\"><span class=\"s8\">Concentra\u00e7\u00e3o de uso:<\/span><span class=\"s8\"> \u00a0<\/span>0,5 a 10% em cremes e lo\u00e7\u00f5es, sabonetes, condicionadores, ou at\u00e9 90% em pomadas, manteigas e formula\u00e7\u00f5es anidras.<\/p>\n<p class=\"s20\"><span class=\"s15\">CARACTER\u00cdSTICAS F<\/span><span class=\"s15\">\u00cd<\/span><span class=\"s15\">SICO<\/span><span class=\"s15\">&#8211;<\/span><span class=\"s15\">QU\u00cdMICAS<\/span><\/p>\n<table>\n<tbody>\n<tr>\n<td class=\"s21\">\n<div>\n<p class=\"s4\"><span class=\"s22\">Apar\u00eancia<\/span><\/p>\n<\/div>\n<\/td>\n<td class=\"s21\">\n<div>\n<p class=\"s4\">Solido ceroso<\/p>\n<\/div>\n<\/td>\n<\/tr>\n<tr>\n<td class=\"s21\">\n<div>\n<p class=\"s4\"><span class=\"s22\">Cor<\/span><\/p>\n<\/div>\n<\/td>\n<td class=\"s21\">\n<div>\n<p class=\"s4\">Branca a neve<\/p>\n<\/div>\n<\/td>\n<\/tr>\n<tr>\n<td class=\"s21\">\n<div>\n<p class=\"s4\"><span class=\"s22\">Odor<\/span><\/p>\n<\/div>\n<\/td>\n<td class=\"s21\">\n<div>\n<p class=\"s4\">caracter\u00edstico<\/p>\n<\/div>\n<\/td>\n<\/tr>\n<tr>\n<td class=\"s21\">\n<div>\n<p class=\"s4\"><span class=\"s22\">\u00cdndice de Iodo <\/span><span class=\"s22\">(<\/span><span class=\"s22\">cgl<\/span><span class=\"s22\">\/g<\/span><span class=\"s22\">)<\/span><\/p>\n<\/div>\n<\/td>\n<td class=\"s21\">\n<div>\n<p class=\"s4\"><a name=\"_Hlk93671216\"><\/a>35-72<\/p>\n<\/div>\n<\/td>\n<\/tr>\n<tr>\n<td class=\"s21\">\n<div>\n<p class=\"s4\"><span class=\"s22\">\u00cdndice de Saponifica\u00e7\u00e3o (<\/span><span class=\"s22\">mgKOH<\/span><span class=\"s22\">\/g)<\/span><\/p>\n<\/div>\n<\/td>\n<td class=\"s21\">\n<div>\n<p class=\"s4\">170 \u2013 200,00<\/p>\n<\/div>\n<\/td>\n<\/tr>\n<tr>\n<td class=\"s21\">\n<div>\n<p class=\"s4\"><span class=\"s22\">\u00cdndice de Acidez (<\/span><span class=\"s22\">mgKOH<\/span><span class=\"s22\">\/g)<\/span><\/p>\n<\/div>\n<\/td>\n<td class=\"s21\">\n<div>\n<p class=\"s4\">&lt;6,0<\/p>\n<\/div>\n<\/td>\n<\/tr>\n<tr>\n<td class=\"s21\">\n<div>\n<p class=\"s4\"><span class=\"s22\">\u00cdndice de Per\u00f3xido (meq<\/span><span class=\"s22\">O<\/span><span class=\"s23\">2<\/span><span class=\"s22\">\/Kg)<\/span><\/p>\n<\/div>\n<\/td>\n<td class=\"s21\">\n<div>\n<p class=\"s4\">&lt;10,00<\/p>\n<\/div>\n<\/td>\n<\/tr>\n<tr>\n<td class=\"s21\">\n<div>\n<p class=\"s24\"><span class=\"s22\">Umidade (%)<\/span><\/p>\n<\/div>\n<\/td>\n<td class=\"s21\">\n<div>\n<p class=\"s4\">&lt;0,1<\/p>\n<\/div>\n<\/td>\n<\/tr>\n<\/tbody>\n<\/table>\n<p class=\"s30\"><span class=\"s27\">ARMAZENAMENTO:<\/span><span class=\"s12\"> \u00a0Armazenar em local fresco e arejado ao abrigo da luz, \u00e0 temperatura constante preferencialmente ambi<\/span><span class=\"s12\">ente.<\/span> <span class=\"s29\">Temperatura recomendada para armazenagem \u00e9 de 2<\/span><span class=\"s29\">2<\/span><span class=\"s29\">\u00b0C <\/span><span class=\"s29\">\u00b12<\/span><span class=\"s29\">\u00b0C<\/span><span class=\"s29\">. <\/span><\/p>\n<p class=\"s32\"><span class=\"s15\">REFERENCIAS:<\/span><\/p>\n<p class=\"s35\"><span class=\"s33\">FERREIRA, Marta Salvador et al. <\/span><span class=\"s33\">Trends in the use of botanicals in anti-aging<\/span><span class=\"s33\">cosmetics.\u00a0<\/span><span class=\"s34\">Molecules<\/span><span class=\"s33\">, v. 26, n. 12, p. 3584, 2021.<\/span><\/p>\n<p class=\"s36\"><span class=\"s33\">BOADU, K. O.; ANANG, M. A.; KYEI, K. S. Chemical characterization of <\/span><span class=\"s33\">shea<\/span><span class=\"s33\"> butter oil soap (<\/span><span class=\"s33\">Butyrospermum<\/span> <span class=\"s33\">parkii<\/span><span class=\"s33\"> G. Don). 2017.<\/span><\/p>\n","protected":false},"excerpt":{"rendered":"<p>Gordura vegetal extra\u00edda das sementes do fruto da \u00e1rvore Karit\u00e9, nativa da \u00c1frica. Muito usada como hidratante intensivo, anti-inflamat\u00f3rio e regenerador celular. Ideal<br \/>\npara peles secas, com eczema ou dermatites. Tamb\u00e9m protege contra raios UV. Base para cremes e b\u00e1lsamos de uso relaxante e reparador, valorizada por sua textura e capacidade de promover bem-estar. Usada em formula\u00e7\u00f5es anti-inflamat\u00f3rias, cicatrizantes e calmantes. Pode atuar como coadjuvante no tratamento de psor\u00edase e eczema.<\/p>\n","protected":false},"featured_media":2247,"comment_status":"open","ping_status":"closed","template":"","meta":{"_joinchat":[]},"product_brand":[],"product_cat":[58],"product_tag":[],"class_list":{"0":"post-2182","1":"product","2":"type-product","3":"status-publish","4":"has-post-thumbnail","6":"product_cat-manteiga","8":"first","9":"instock","10":"sold-individually","11":"taxable","12":"shipping-taxable","13":"purchasable","14":"product-type-variable"},"_links":{"self":[{"href":"https:\/\/ybibrazil.com\/en\/wp-json\/wp\/v2\/product\/2182","targetHints":{"allow":["GET"]}}],"collection":[{"href":"https:\/\/ybibrazil.com\/en\/wp-json\/wp\/v2\/product"}],"about":[{"href":"https:\/\/ybibrazil.com\/en\/wp-json\/wp\/v2\/types\/product"}],"replies":[{"embeddable":true,"href":"https:\/\/ybibrazil.com\/en\/wp-json\/wp\/v2\/comments?post=2182"}],"wp:featuredmedia":[{"embeddable":true,"href":"https:\/\/ybibrazil.com\/en\/wp-json\/wp\/v2\/media\/2247"}],"wp:attachment":[{"href":"https:\/\/ybibrazil.com\/en\/wp-json\/wp\/v2\/media?parent=2182"}],"wp:term":[{"taxonomy":"product_brand","embeddable":true,"href":"https:\/\/ybibrazil.com\/en\/wp-json\/wp\/v2\/product_brand?post=2182"},{"taxonomy":"product_cat","embeddable":true,"href":"https:\/\/ybibrazil.com\/en\/wp-json\/wp\/v2\/product_cat?post=2182"},{"taxonomy":"product_tag","embeddable":true,"href":"https:\/\/ybibrazil.com\/en\/wp-json\/wp\/v2\/product_tag?post=2182"}],"curies":[{"name":"wp","href":"https:\/\/api.w.org\/{rel}","templated":true}]}}