{"id":2185,"date":"2025-08-13T15:57:09","date_gmt":"2025-08-13T18:57:09","guid":{"rendered":"https:\/\/ybibrazil.com\/?post_type=product&#038;p=2185"},"modified":"2025-12-15T18:38:21","modified_gmt":"2025-12-15T21:38:21","slug":"manteiga-de-murumuru","status":"publish","type":"product","link":"https:\/\/ybibrazil.com\/en\/product\/manteiga-de-murumuru\/","title":{"rendered":"MANTEIGA DE MURUMURU"},"content":{"rendered":"<p>O murumuruzeiro \u00e9 encontrado em toda a regi\u00e3o amaz\u00f4nica. A Manteiga de Murumuru \u00e9 obtida por prensagem a frio das sementes e possui composi\u00e7\u00e3o lip\u00eddica biomim\u00e9tica, ou seja, muito semelhante a composi\u00e7\u00e3o lip\u00eddica da pele. Rica em \u00e1cido oleico (C18:1) confere nutri\u00e7\u00e3o, hidrata\u00e7\u00e3o e maciez \u00e0 pele e cabelos. Repara a barreira cut\u00e2nea e mant\u00e9m a umidade elasticidade e hidrata\u00e7\u00e3o oferecendo sensorial aveludado. Pode ser usada em v\u00e1rias formula\u00e7\u00f5es cosm\u00e9ticas e dermocosm\u00e9ticas, contribuindo para conferir maciez e suavidade. Em avalia\u00e7\u00e3o de efic\u00e1cia demonstrou que em 90% dos casos houve aumento da hidrata\u00e7\u00e3o superficial da pele. Para cabelos \u00e9 extremamente nutritiva, proporcionando maciez e controlando o volume dos fios, sendo por isso especialmente indicada para cabelos ondulados e crespos.<\/p>\n<p>&nbsp;<\/p>\n<p class=\"s6\"><span class=\"s5\">FICHA T\u00c9CNICA<\/span><\/p>\n<p class=\"s8\"><span class=\"s7\">Nome da <\/span><span class=\"s7\">Subst\u00e2ncia:<\/span> Manteiga de Murmuru<\/p>\n<p class=\"s10\"><span class=\"s7\">Nome Ci<\/span><span class=\"s7\">e<\/span><span class=\"s7\">nt\u00edfico<\/span><span class=\"s7\">:<\/span> <span class=\"s9\">Astrocarium<\/span> <span class=\"s9\">ulei<\/span><\/p>\n<p class=\"s10\"><span class=\"s7\">Composi\u00e7\u00e3o<\/span>: 100%<\/p>\n<p class=\"s10\"><span class=\"s7\">M\u00e9todo de extra\u00e7\u00e3o:<\/span> prensagem \u00e0 frio das sementes<\/p>\n<p class=\"s8\"><span class=\"s7\">CAS<\/span>: 356065-49-1 \u00a0 \u00a0<span class=\"s7\">NCM:<\/span> 15159090<\/p>\n<p class=\"s8\"><span class=\"s7\">INCI<\/span>: Astrocaryum Murumuru Seed Butter<\/p>\n<p class=\"s11\"><span class=\"s7\">Caracter\u00edsticas:<\/span> O murumuruzeiro \u00e9 encontrado em toda a regi\u00e3o amaz\u00f4nica. A Manteiga de Murumuru \u00e9 obtida por prensagem a frio das sementes e possuicomposi\u00e7\u00e3o lip\u00eddica biomim\u00e9tica, ou seja, muito semelhante a composi\u00e7\u00e3o lip\u00eddica da pele. Rica em \u00e1cido oleico (C18:1) confere nutri\u00e7\u00e3o, hidrata\u00e7\u00e3o e maciez \u00e0 pele e cabelos. Repara a barreira cut\u00e2nea e mant\u00e9m a umidade elasticidade e hidrata\u00e7\u00e3ooferecendo sensorial aveludado. Pode ser usada em v\u00e1rias formula\u00e7\u00f5es cosm\u00e9ticas e dermocosm\u00e9ticas, contribuindo para conferir maciez e suavidade. Em avalia\u00e7\u00e3o de efic\u00e1cia demonstrou que em 90% dos casos houve aumento da hidrata\u00e7\u00e3o superficial da pele. Para cabelos \u00e9 extremamente nutritiva, proporcionando maciez e controlando o volume dos fios, sendo por isso especialmente indicada para cabelos ondulados e crespos.<\/p>\n<p class=\"s12\"><span class=\"s7\">Aplica\u00e7\u00f5es: <\/span>Pode ser incorporada a condicionadores, sabonetes, batons, pomadas, cremes, lo\u00e7\u00f5es e b\u00e1lsamos.<\/p>\n<p class=\"s13\"><span class=\"s7\">Concentra\u00e7\u00e3o de uso:<\/span> 0,5 a 5 %.<\/p>\n<p class=\"s14\"><span class=\"s7\">CARACTER\u00cdSTICAS F\u00cdSICO-QU\u00cdMICAS<\/span><\/p>\n<table>\n<tbody>\n<tr>\n<td class=\"s15\">\n<div>\n<p class=\"s11\"><span class=\"s16\">\u00cdndice de Acidez (<\/span><span class=\"s16\">mgKOH<\/span><span class=\"s16\">\/g)<\/span><\/p>\n<\/div>\n<\/td>\n<td class=\"s15\">\n<div>\n<p class=\"s11\">1,0 \u2013 10,0<\/p>\n<\/div>\n<\/td>\n<\/tr>\n<tr>\n<td class=\"s15\">\n<div>\n<p class=\"s11\"><span class=\"s16\">\u00cdndice de Iodo <\/span><span class=\"s16\">(<\/span><span class=\"s16\">cgl<\/span><span class=\"s16\">\/g<\/span><span class=\"s16\">)<\/span><\/p>\n<\/div>\n<\/td>\n<td class=\"s15\">\n<div>\n<p class=\"s11\">10,48 \u2013 14,51<\/p>\n<\/div>\n<\/td>\n<\/tr>\n<tr>\n<td class=\"s15\">\n<div>\n<p class=\"s11\"><span class=\"s16\">\u00cdndice de Saponifica\u00e7\u00e3o (<\/span><span class=\"s16\">mgKOH<\/span><span class=\"s16\">\/g)<\/span><\/p>\n<\/div>\n<\/td>\n<td class=\"s15\">\n<div>\n<p class=\"s11\">186 \u2013 190<\/p>\n<\/div>\n<\/td>\n<\/tr>\n<tr>\n<td class=\"s15\">\n<div>\n<p class=\"s11\">Densidade (25\u00b0C) g\/cm3<\/p>\n<\/div>\n<\/td>\n<td class=\"s15\">\n<div>\n<p class=\"s11\">0,7080 \u2013 1,1112<\/p>\n<\/div>\n<\/td>\n<\/tr>\n<tr>\n<td class=\"s15\">\n<div>\n<p class=\"s11\">Ponto de fus\u00e3o (\u00b0C)<\/p>\n<\/div>\n<\/td>\n<td class=\"s15\">\n<div>\n<p class=\"s11\">30,5 \u2013 34,5<\/p>\n<\/div>\n<\/td>\n<\/tr>\n<\/tbody>\n<\/table>\n<p class=\"s17\"><span class=\"s7\">COMPONENTES MAJORITARIOS EM CROMATOGRAFIA CG\/<\/span><span class=\"s7\">MS &#8211; %<\/span><\/p>\n<table>\n<tbody>\n<tr>\n<td class=\"s15\">\n<div>\n<p class=\"s11\">\u00c1cido L\u00e1urico<\/p>\n<\/div>\n<\/td>\n<td class=\"s15\">\n<div>\n<p class=\"s11\">43,34 \u2013 47,56<\/p>\n<\/div>\n<\/td>\n<\/tr>\n<tr>\n<td class=\"s15\">\n<div>\n<p class=\"s11\">\u00c1cido Oleico<\/p>\n<\/div>\n<\/td>\n<td class=\"s15\">\n<div>\n<p class=\"s19\"><span class=\"s18\">9,52 \u2013 13,56<\/span><\/p>\n<\/div>\n<\/td>\n<\/tr>\n<tr>\n<td class=\"s15\">\n<div>\n<p class=\"s11\">\u00c1cido Mir\u00edstico<\/p>\n<\/div>\n<\/td>\n<td class=\"s15\">\n<div>\n<p class=\"s11\">22,64 \u2013 26,86<\/p>\n<\/div>\n<\/td>\n<\/tr>\n<tr>\n<td class=\"s15\">\n<div>\n<p class=\"s11\">\u00c1cido Palm\u00edtico<\/p>\n<\/div>\n<\/td>\n<td class=\"s15\">\n<div>\n<p class=\"s11\">4,19 \u2013 8,28<\/p>\n<\/div>\n<\/td>\n<\/tr>\n<\/tbody>\n<\/table>\n<p class=\"s17\"><span class=\"s7\">CARACTER\u00cdSTICAS ORGANOL\u00c9PTICAS<\/span><\/p>\n<table>\n<tbody>\n<tr>\n<td class=\"s15\">\n<div>\n<p class=\"s11\">Cor<\/p>\n<\/div>\n<\/td>\n<td class=\"s15\">\n<div>\n<p class=\"s11\">Levemente amarelado<\/p>\n<\/div>\n<\/td>\n<\/tr>\n<tr>\n<td class=\"s15\">\n<div>\n<p class=\"s11\">Aspecto<\/p>\n<\/div>\n<\/td>\n<td class=\"s15\">\n<div>\n<p class=\"s19\"><span class=\"s18\">S\u00f3lido<\/span><\/p>\n<\/div>\n<\/td>\n<\/tr>\n<tr>\n<td class=\"s15\">\n<div>\n<p class=\"s11\">Odor<\/p>\n<\/div>\n<\/td>\n<td class=\"s15\">\n<div>\n<p class=\"s11\">Caracter\u00edstico<\/p>\n<\/div>\n<\/td>\n<\/tr>\n<tr>\n<td class=\"s15\">\n<div>\n<p class=\"s11\">Sabor<\/p>\n<\/div>\n<\/td>\n<td class=\"s15\">\n<div>\n<p class=\"s11\">Caracter\u00edstico<\/p>\n<\/div>\n<\/td>\n<\/tr>\n<\/tbody>\n<\/table>\n<p class=\"s23\"><span class=\"s21\">ARMAZENAMENTO:<\/span><span class=\"s22\"> \u00a0Armazenar em local fresco e arejado ao abrigo da luz, \u00e0 temperatura constante preferencialmente ambiente. <\/span><span class=\"s22\">Temperatura recomendada para armazenagem \u00e9 de 2<\/span><span class=\"s22\">0<\/span><span class=\"s22\">\u00b0C <\/span><span class=\"s22\">a <\/span><span class=\"s22\">2<\/span><span class=\"s22\">4<\/span><span class=\"s22\">\u00b0C<\/span><span class=\"s22\">.<\/span><\/p>\n<p class=\"s25\"><span class=\"s7\">REFERENCIAS:<\/span><\/p>\n<p class=\"s13\">&#8211; FUNASAKI, Mariko et al. Amazon rainforest cosmetics: chemical approach for quality control. Qu\u00edmica Nova, v. 39, p. 194-209, 2016.<\/p>\n<p class=\"s13\">&#8211; BELSITO, Donald V. et al. Plant-derived fatty acid oils as used in cosmetics. Final Report, p. 1-100, 2011.<\/p>\n<p class=\"s13\">&#8211; IBIAPINA, Andr\u00e9ia et al. Essential and fixed oils from Amazonian fruits: proprieties and applications. Critical Reviews in Food Science and Nutrition, p. 1-13, 2021.<\/p>\n","protected":false},"excerpt":{"rendered":"<p>Manteiga extra\u00edda das sementes do murumuru, palmeira amaz\u00f4nica. Altamente nutritiva, muito usada em cosm\u00e9ticos para cabelos cacheados e crespos. Promove defini\u00e7\u00e3o e controle do frizz, al\u00e9m de restaurar a elasticidade da pele. N\u00e3o possui uso t\u00edpico em aromaterapia, mas pode ser usada como base em cosm\u00e9ticos sensoriais. Potencial hidratante e regenerador celular. Pode ser usada em pomadas cicatrizantes e protetores cut\u00e2neos.<\/p>\n","protected":false},"featured_media":2271,"comment_status":"open","ping_status":"closed","template":"","meta":{"_joinchat":[]},"product_brand":[],"product_cat":[58],"product_tag":[],"class_list":{"0":"post-2185","1":"product","2":"type-product","3":"status-publish","4":"has-post-thumbnail","6":"product_cat-manteiga","8":"first","9":"instock","10":"sold-individually","11":"taxable","12":"shipping-taxable","13":"purchasable","14":"product-type-variable"},"_links":{"self":[{"href":"https:\/\/ybibrazil.com\/en\/wp-json\/wp\/v2\/product\/2185","targetHints":{"allow":["GET"]}}],"collection":[{"href":"https:\/\/ybibrazil.com\/en\/wp-json\/wp\/v2\/product"}],"about":[{"href":"https:\/\/ybibrazil.com\/en\/wp-json\/wp\/v2\/types\/product"}],"replies":[{"embeddable":true,"href":"https:\/\/ybibrazil.com\/en\/wp-json\/wp\/v2\/comments?post=2185"}],"wp:featuredmedia":[{"embeddable":true,"href":"https:\/\/ybibrazil.com\/en\/wp-json\/wp\/v2\/media\/2271"}],"wp:attachment":[{"href":"https:\/\/ybibrazil.com\/en\/wp-json\/wp\/v2\/media?parent=2185"}],"wp:term":[{"taxonomy":"product_brand","embeddable":true,"href":"https:\/\/ybibrazil.com\/en\/wp-json\/wp\/v2\/product_brand?post=2185"},{"taxonomy":"product_cat","embeddable":true,"href":"https:\/\/ybibrazil.com\/en\/wp-json\/wp\/v2\/product_cat?post=2185"},{"taxonomy":"product_tag","embeddable":true,"href":"https:\/\/ybibrazil.com\/en\/wp-json\/wp\/v2\/product_tag?post=2185"}],"curies":[{"name":"wp","href":"https:\/\/api.w.org\/{rel}","templated":true}]}}