{"id":2186,"date":"2025-08-13T15:57:09","date_gmt":"2025-08-13T18:57:09","guid":{"rendered":"https:\/\/ybibrazil.com\/?post_type=product&#038;p=2186"},"modified":"2026-04-07T14:18:11","modified_gmt":"2026-04-07T17:18:11","slug":"manteiga-de-ucuuba","status":"publish","type":"product","link":"https:\/\/ybibrazil.com\/en\/product\/manteiga-de-ucuuba\/","title":{"rendered":"MANTEIGA DE UCUUBA"},"content":{"rendered":"<p>A manteiga de ucuuba (Virola surinamensis) possui um alto valor de ponto de fus\u00e3o (53\u00a0oC) e de saponifica\u00e7\u00e3o (220 mg KOH\/g de \u00f3leo), o que supera os \u00edndices do sebo bovino (com valores de 43 a 45\u00a0oC e 200 mg KOH\/g respectivamente) tornam a manteiga da ucu\u00faba uma mat\u00e9ria prima ideal para substituir o sebo animal na produ\u00e7\u00e3o de sabonetes finos, e outras mat\u00e9rias gordurosas que necessitam de alto ponto de fus\u00e3o na industria aliment\u00edcia e farmac\u00eautica.<\/p>\n<p class=\"s7\"><span class=\"s6\">ESPECIFICA\u00c7\u00c3O TECNICA<\/span><\/p>\n<p class=\"s7\"><span class=\"s6\">MANTEIGA VIRGEM DE UCUUBA<\/span><\/p>\n<p class=\"s8\"><span class=\"s4\">Nome cient\u00edfico: Virola <\/span><span class=\"s4\">surinamensis<\/span><\/p>\n<p class=\"s8\"><span class=\"s4\">Origem da mat\u00e9ria prima: Floresta Amaz\u00f4nica \/ Brasil <\/span><\/p>\n<p class=\"s8\"><span class=\"s4\">Parte utilizada da planta: semente <\/span><\/p>\n<p class=\"s8\"><span class=\"s4\">Origem das esp\u00e9cies vegetais: extrativista<\/span><\/p>\n<p class=\"s10\"><span class=\"s9\">COMPOSI\u00c7\u00c3O F\u00cdSICO-QU\u00cdMICA<\/span><\/p>\n<p class=\"s10\"><span class=\"s9\">ITEM <\/span>\u200b\u200b<span class=\"s9\"> \u00a0 \u00a0 \u00a0 <\/span><span class=\"s9\">\u00a0<\/span><span class=\"s9\">UNIDADE <\/span><span class=\"s9\">\u00a0 \u00a0 \u00a0 <\/span><span class=\"s9\">\u00a0 \u00a0<\/span> <span class=\"s9\">ESPECIFICA\u00c7\u00d5ES<\/span><span class=\"s9\"> \u00a0 \u00a0 <\/span><span class=\"s9\">\u00a0<\/span><span class=\"s9\">M\u00c9TODO <\/span>\u200b<\/p>\n<p class=\"s11\"><span class=\"s13\">Apar\u00eancia (25\u00ba C)<\/span><span class=\"s13\"> \u00a0 <\/span><span class=\"s13\">\u00a0 \u00a0 \u00a0 \u00a0 \u00a0 &#8211;<\/span><span class=\"s13\">&#8212; <\/span>\u200b\u200b<span class=\"s13\">S\u00f3lido <\/span>\u200b\u200b\u200b<span class=\"s13\">Organol\u00e9ptico <\/span>\u200b<\/p>\n<p class=\"s11\"><span class=\"s13\">Cor <\/span>\u200b\u200b<span class=\"s13\"> \u00a0 \u00a0 \u00a0 \u00a0<\/span><span class=\"s13\"> \u00a0 \u00a0 \u00a0 \u00a0 \u00a0<\/span><span class=\"s13\">&#8212;- <\/span>\u200b\u200b<span class=\"s13\">Marrom claro <\/span>\u200b\u200b<span class=\"s13\">Organol\u00e9ptico <\/span>\u200b<\/p>\n<p class=\"s11\"><span class=\"s13\">Odor<\/span>\u200b\u200b<span class=\"s13\"> \u00a0 \u00a0 \u00a0 \u00a0<\/span> <span class=\"s13\">\u00a0 \u00a0 \u00a0 \u00a0 <\/span><span class=\"s13\">&#8212;- <\/span>\u200b\u200b<span class=\"s13\">Caracter\u00edstico <\/span>\u200b\u200b<span class=\"s13\">Organol\u00e9ptico <\/span>\u200b<\/p>\n<p class=\"s11\"><span class=\"s13\">\u00cdndice acidez mg <\/span><span class=\"s13\">\u00a0<\/span>\u200b <span class=\"s13\">KOH\/g <\/span>\u200b<span class=\"s13\">&lt; 20 <\/span>\u200b\u200b\u200b<span class=\"s13\">AOCS CD3D-63 <\/span>\u200b<\/p>\n<p class=\"s11\"><span class=\"s13\">\u00cdndice de per\u00f3xido <\/span>\u200b<span class=\"s13\">meq<\/span><span class=\"s13\"> O2\/kg <\/span>\u200b<span class=\"s13\">&lt; 15 <\/span>\u200b\u200b\u200b<span class=\"s13\">AOCS CD8 \u2013 53 <\/span>\u200b<\/p>\n<p class=\"s11\"><span class=\"s13\">\u00cdnd<\/span><span class=\"s13\"> de iodo <\/span>\u200b<span class=\"s13\"> \u00a0 \u00a0 \u00a0 \u00a0 \u00a0 \u00a0<\/span><span class=\"s13\">gI2\/100g <\/span>\u200b<span class=\"s13\">12 \u2013 15 <\/span>\u200b\u200b<span class=\"s13\">AOCS TG2A \u2013 64 <\/span>\u200b<\/p>\n<p class=\"s11\"><span class=\"s13\">\u00cdnd<\/span><span class=\"s13\"> Saponifica\u00e7\u00e3o <\/span><span class=\"s13\">\u00a0 \u00a0 \u00a0 \u00a0<\/span><span class=\"s13\">mg KOH\/g <\/span>\u200b<span class=\"s13\">220 \u2013 230 <\/span>\u200b\u200b<span class=\"s13\">AOCS CD3 &#8211; 25 <\/span>\u200b<\/p>\n<p class=\"s11\"><span class=\"s13\">Densidade (25\u00baC) <\/span>\u200b<span class=\"s13\">g\/<\/span><span class=\"s13\">mL<\/span> \u200b\u200b<span class=\"s13\">0,910 &#8211; 0,991 <\/span>\u200b\u200b<span class=\"s13\">AOCS 10C-95<\/span>\u200b\u200b<\/p>\n<p class=\"s11\"><span class=\"s13\">Mat\u00e9ria insaponific\u00e1vel % <\/span>\u200b\u200b<span class=\"s13\">&lt; 3 <\/span>\u200b\u200b\u200b<span class=\"s13\">AOCS CA 6A <\/span><span class=\"s13\">\u2013<\/span><span class=\"s13\"> 40<\/span>\u200b<\/p>\n<p class=\"s11\"><span class=\"s13\">Ponto de fus\u00e3o <\/span>\u200b\u200b<span class=\"s13\">\u00b0C <\/span>\u200b\u200b<span class=\"s13\">53 <\/span>\u200b\u200b\u200b<span class=\"s13\">AOCS CC1 <\/span><span class=\"s13\">\u2013<\/span> <span class=\"s13\">\u00a0 \u00a0 \u00a0 \u00a0 \u00a0 \u00a0 \u00a0 <\/span><\/p>\n<p class=\"s14\"><span class=\"s6\">MICROBIOLOGIA<\/span><\/p>\n<p class=\"s10\"><span class=\"s9\">ITEM <\/span>\u200b\u200b<span class=\"s9\"> \u00a0 \u00a0 \u00a0 <\/span><span class=\"s9\">\u00a0<\/span><span class=\"s9\">UNIDADE \u00a0 \u00a0 \u00a0 \u00a0<\/span><span class=\"s9\"> \u00a0 \u00a0<\/span><span class=\"s9\"> ESPECIFICA\u00c7\u00d5ES \u00a0 \u00a0 <\/span><span class=\"s9\">\u00a0<\/span><span class=\"s9\">M\u00c9TODO <\/span>\u200b<span class=\"s9\"> \u00a0<\/span><span class=\"s9\"> \u00a0 \u00a0<\/span><\/p>\n<p class=\"s8\"><span class=\"s4\">Bact\u00e9rias totais <\/span>\u200b<span class=\"s4\">ufc<\/span><span class=\"s4\">\/<\/span><span class=\"s4\">mL<\/span> \u200b\u200b<span class=\"s4\">&lt;10<\/span>\u200b\u200b<span class=\"s4\"> \u00a0 <\/span><span class=\"s4\">\u00a0<\/span><span class=\"s4\">NF ISO 4833 <\/span>\u200b<\/p>\n<p class=\"s8\"><span class=\"s4\">Fungos e leveduras <\/span>\u200b<span class=\"s4\">ufc<\/span><span class=\"s4\">\/<\/span><span class=\"s4\">mL<\/span> \u200b\u200b<span class=\"s4\">&lt;2,10<\/span><span class=\"s15\">2<\/span> \u200b\u200b<span class=\"s4\"> \u00a0 \u00a0 <\/span><span class=\"s4\">NF V 08-036 <\/span>\u200b<\/p>\n<p class=\"s8\"><span class=\"s4\">RESULTADOS: (X) APROVADO <\/span><span class=\"s4\">( )<\/span><span class=\"s4\"> REPROVADO<\/span><\/p>\n","protected":false},"excerpt":{"rendered":"<p>Manteiga extra\u00edda das sementes da \u00e1rvore Ucuuba, nativa da Amaz\u00f4nia. Rica em \u00e1cidos graxos, tem propriedades anti-inflamat\u00f3rias e cicatrizantes. Usada em pomadas, b\u00e1lsamos, sabonetes terap\u00eauticos. Pode ser usada em massagens terap\u00eauticas para dores musculares, devido \u00e0 sua a\u00e7\u00e3o anti-inflamat\u00f3ria. Possui a\u00e7\u00e3o antif\u00fangica e cicatrizante. Pode ser aplicada em dermocosm\u00e9ticos para tratar les\u00f5es de pele.<\/p>\n","protected":false},"featured_media":2277,"comment_status":"open","ping_status":"closed","template":"","meta":{"_joinchat":[]},"product_brand":[],"product_cat":[58],"product_tag":[],"class_list":{"0":"post-2186","1":"product","2":"type-product","3":"status-publish","4":"has-post-thumbnail","6":"product_cat-manteiga","8":"first","9":"outofstock","10":"sold-individually","11":"taxable","12":"shipping-taxable","13":"purchasable","14":"product-type-variable"},"_links":{"self":[{"href":"https:\/\/ybibrazil.com\/en\/wp-json\/wp\/v2\/product\/2186","targetHints":{"allow":["GET"]}}],"collection":[{"href":"https:\/\/ybibrazil.com\/en\/wp-json\/wp\/v2\/product"}],"about":[{"href":"https:\/\/ybibrazil.com\/en\/wp-json\/wp\/v2\/types\/product"}],"replies":[{"embeddable":true,"href":"https:\/\/ybibrazil.com\/en\/wp-json\/wp\/v2\/comments?post=2186"}],"wp:featuredmedia":[{"embeddable":true,"href":"https:\/\/ybibrazil.com\/en\/wp-json\/wp\/v2\/media\/2277"}],"wp:attachment":[{"href":"https:\/\/ybibrazil.com\/en\/wp-json\/wp\/v2\/media?parent=2186"}],"wp:term":[{"taxonomy":"product_brand","embeddable":true,"href":"https:\/\/ybibrazil.com\/en\/wp-json\/wp\/v2\/product_brand?post=2186"},{"taxonomy":"product_cat","embeddable":true,"href":"https:\/\/ybibrazil.com\/en\/wp-json\/wp\/v2\/product_cat?post=2186"},{"taxonomy":"product_tag","embeddable":true,"href":"https:\/\/ybibrazil.com\/en\/wp-json\/wp\/v2\/product_tag?post=2186"}],"curies":[{"name":"wp","href":"https:\/\/api.w.org\/{rel}","templated":true}]}}