{"id":1913,"date":"2025-08-06T16:41:47","date_gmt":"2025-08-06T19:41:47","guid":{"rendered":"https:\/\/ybibrazil.com\/?post_type=product&#038;p=1913"},"modified":"2026-04-30T18:31:47","modified_gmt":"2026-04-30T21:31:47","slug":"oleo-essencial-de-laranja-doce","status":"publish","type":"product","link":"https:\/\/ybibrazil.com\/zh-hans\/product\/oleo-essencial-de-laranja-doce\/","title":{"rendered":"OLEO ESSENCIAL DE LARANJA DOCE"},"content":{"rendered":"<p>\u00d3leo Essencial de Laranja doce \u00e9 conhecido por\u00a0aumentar o fluxo sangu\u00edneo, o que alivia os desconfortos associados \u00e0 inflama\u00e7\u00e3o, dores de\u00a0cabe\u00e7a, menstrua\u00e7\u00e3o e baixa libido. Em aromaterapia este \u00f3leo tamb\u00e9m \u00e9 indicado para al\u00edvio\u00a0da dor nos ossos, articula\u00e7\u00f5es ou em qualquer local de les\u00e3o, diminuindo o incha\u00e7o e a\u00a0vermelhid\u00e3o. Quando aplicado na pele funciona como um t\u00f4nico que limpa e desintoxica a pele\u00a0enquanto diminui a apar\u00eancia dos poros.<\/p>\n<p class=\"s6\"><span class=\"s5\">FICHA T\u00c9CNICA<\/span><\/p>\n<p class=\"s8\"><span class=\"s5\">Nome da Subst\u00e2ncia:<\/span> \u00d3leo Essencial Laranja Doce<\/p>\n<p class=\"s8\"><span class=\"s5\">Composi\u00e7\u00e3o<\/span>: 100%<\/p>\n<p class=\"s8\"><span class=\"s5\">CAS<\/span>: 8008-57-9<\/p>\n<p class=\"s8\"><span class=\"s5\">INCI<\/span>: Citrus Aurantium Dulcis Oil<\/p>\n<p class=\"s11\"><span class=\"s5\">Caracter\u00edsticas: <\/span>O \u00d3leo Essencial de Laranja doce \u00e9 derivado dos frutos da esp\u00e9cie <span class=\"s10\">Citrus <\/span><span class=\"s10\">aurantium<\/span> <span class=\"s10\">dulcis<\/span>. O \u00f3leo de laranja doce \u00e9 conhecido por ser ben\u00e9fico para manter a sa\u00fade, a apar\u00eancia e a textura da pele, pois reduz os sinais de acne, deixando apele mais homog\u00eanea. Quando aplicado em uma massagem, o \u00d3leo Essencial de Laranja doce \u00e9 conhecido por aumentar o fluxo sangu\u00edneo, o que alivia os desconfortos associados \u00e0 inflama\u00e7\u00e3o, dores de cabe\u00e7a, menstrua\u00e7\u00e3o e baixa libido. Em aromaterapia este \u00f3leo tamb\u00e9m \u00e9 indicado para al\u00edvio da dor nos ossos, articula\u00e7\u00f5es ou em qualquer local de les\u00e3o, diminuindo o incha\u00e7o e a vermelhid\u00e3o. Quando aplicado na pelefunciona como um t\u00f4nico que limpa e desintoxica a pele enquanto diminui a apar\u00eancia dos poros.<\/p>\n<p class=\"s12\"><span class=\"s5\">Aplica\u00e7\u00f5es:<\/span><\/p>\n<p class=\"s11\">Cosm\u00e9tico: Cremes e lo\u00e7\u00f5es corporais e faciais, t\u00f4nicos, produtos que previnem o envelhecimento precoce, acne, \u00f3leos e cremes de massagem, \u00f3leos de banho, perfumes.<\/p>\n<p class=\"s9\"><span class=\"s5\">Concentra\u00e7\u00e3o de uso:<\/span><span class=\"s5\"> \u00a0<\/span>0,05 &#8211; 1,2%<\/p>\n<p class=\"s15\"><span class=\"s14\">CARACTER\u00cdSTICAS FISICO QU\u00cdMICAS<\/span><\/p>\n<table>\n<tbody>\n<tr>\n<td class=\"s16\">\n<div>\n<p class=\"s4\"><span class=\"s17\">Apar\u00eancia<\/span><\/p>\n<\/div>\n<\/td>\n<td class=\"s16\">\n<div>\n<p class=\"s4\">L\u00edquido l\u00edmpido<\/p>\n<\/div>\n<\/td>\n<\/tr>\n<tr>\n<td class=\"s16\">\n<div>\n<p class=\"s4\"><span class=\"s17\">Cor<\/span><\/p>\n<\/div>\n<\/td>\n<td class=\"s16\">\n<div>\n<p class=\"s4\">Amarelo \u2013 Castanho Claro<\/p>\n<\/div>\n<\/td>\n<\/tr>\n<tr>\n<td class=\"s16\">\n<div>\n<p class=\"s4\"><span class=\"s17\">Odor<\/span><\/p>\n<\/div>\n<\/td>\n<td class=\"s16\">\n<div>\n<p class=\"s4\"><span class=\"s17\">Caracter\u00edstico<\/span><\/p>\n<\/div>\n<\/td>\n<\/tr>\n<tr>\n<td class=\"s16\">\n<div>\n<p class=\"s18\">Densidade (20\u00b0C)<\/p>\n<\/div>\n<\/td>\n<td class=\"s16\">\n<div>\n<p class=\"s18\">0,842 \u2013 0,868<\/p>\n<\/div>\n<\/td>\n<\/tr>\n<tr>\n<td class=\"s16\">\n<div>\n<p class=\"s18\">\u00cdndice de Refra\u00e7\u00e3o (20\u00b0C)<\/p>\n<\/div>\n<\/td>\n<td class=\"s16\">\n<div>\n<p class=\"s18\">1,471 \u2013 1,475<\/p>\n<\/div>\n<\/td>\n<\/tr>\n<tr>\n<td class=\"s16\">\n<div>\n<p class=\"s4\">Ponto de Fulgor (vaso fechado)<\/p>\n<\/div>\n<\/td>\n<td class=\"s16\">\n<div>\n<p class=\"s4\">50\u00b0C<\/p>\n<\/div>\n<\/td>\n<\/tr>\n<tr>\n<td class=\"s16\">\n<div>\n<p class=\"s4\">Solubilidade em \u00e1gua<\/p>\n<\/div>\n<\/td>\n<td class=\"s16\">\n<div>\n<p class=\"s4\">Insol\u00favel<\/p>\n<\/div>\n<\/td>\n<\/tr>\n<tr>\n<td class=\"s16\">\n<div>\n<p class=\"s4\">Solubilidade em etanol absoluto<\/p>\n<\/div>\n<\/td>\n<td class=\"s16\">\n<div>\n<p class=\"s4\">Sol\u00favel<\/p>\n<\/div>\n<\/td>\n<\/tr>\n<\/tbody>\n<\/table>\n<p class=\"s11\">Esse produto n\u00e3o contem OGM e n\u00e3o foi utilizado para testes em animais.<\/p>\n<p class=\"s24\"><span class=\"s21\">ARMAZENAMENTO:<\/span><span class=\"s22\"> \u00a0<\/span><span class=\"s22\">Armazenar em local fresco e arejado ao abrigo da luz, \u00e0 temperatura constante preferencialmente ambiente.<\/span> <a name=\"_Hlk109982778\"><\/a><span class=\"s22\">Temperatura recomendada para armazenagem \u00e9 de 2<\/span><span class=\"s22\">2<\/span><span class=\"s22\">\u00b0C <\/span><span class=\"s22\">\u00b12<\/span><span class=\"s22\">\u00b0C<\/span><span class=\"s22\">.<\/span><\/p>\n","protected":false},"excerpt":{"rendered":"<p>O \u00d3leo Essencial de Laranja doce \u00e9 derivado dos frutos da esp\u00e9cie Citrus aurantium dulcis. O \u00f3leo de laranja doce \u00e9 conhecido por ser ben\u00e9fico para manter a sa\u00fade, a apar\u00eancia e a textura da pele, pois reduz os sinais de acne, deixando apele mais homog\u00eanea.<\/p>\n","protected":false},"featured_media":2562,"comment_status":"open","ping_status":"closed","template":"","meta":{"_joinchat":[]},"product_brand":[],"product_cat":[48],"product_tag":[57,47],"class_list":{"0":"post-1913","1":"product","2":"type-product","3":"status-publish","4":"has-post-thumbnail","6":"product_cat-oleo-essencial","7":"product_tag-essencial","8":"product_tag-oleos","10":"first","11":"instock","12":"taxable","13":"shipping-taxable","14":"purchasable","15":"product-type-variable"},"_links":{"self":[{"href":"https:\/\/ybibrazil.com\/zh-hans\/wp-json\/wp\/v2\/product\/1913","targetHints":{"allow":["GET"]}}],"collection":[{"href":"https:\/\/ybibrazil.com\/zh-hans\/wp-json\/wp\/v2\/product"}],"about":[{"href":"https:\/\/ybibrazil.com\/zh-hans\/wp-json\/wp\/v2\/types\/product"}],"replies":[{"embeddable":true,"href":"https:\/\/ybibrazil.com\/zh-hans\/wp-json\/wp\/v2\/comments?post=1913"}],"wp:featuredmedia":[{"embeddable":true,"href":"https:\/\/ybibrazil.com\/zh-hans\/wp-json\/wp\/v2\/media\/2562"}],"wp:attachment":[{"href":"https:\/\/ybibrazil.com\/zh-hans\/wp-json\/wp\/v2\/media?parent=1913"}],"wp:term":[{"taxonomy":"product_brand","embeddable":true,"href":"https:\/\/ybibrazil.com\/zh-hans\/wp-json\/wp\/v2\/product_brand?post=1913"},{"taxonomy":"product_cat","embeddable":true,"href":"https:\/\/ybibrazil.com\/zh-hans\/wp-json\/wp\/v2\/product_cat?post=1913"},{"taxonomy":"product_tag","embeddable":true,"href":"https:\/\/ybibrazil.com\/zh-hans\/wp-json\/wp\/v2\/product_tag?post=1913"}],"curies":[{"name":"wp","href":"https:\/\/api.w.org\/{rel}","templated":true}]}}