{"id":2097,"date":"2025-08-10T11:39:03","date_gmt":"2025-08-10T14:39:03","guid":{"rendered":"https:\/\/ybibrazil.com\/?post_type=product&#038;p=2097"},"modified":"2026-04-10T10:25:39","modified_gmt":"2026-04-10T13:25:39","slug":"oleo-de-alecrim","status":"publish","type":"product","link":"https:\/\/ybibrazil.com\/zh-hans\/product\/oleo-de-alecrim\/","title":{"rendered":"OLEO DE ALECRIM"},"content":{"rendered":"<p>O \u00f3leo de alecrim vegetal. Estimulante do sistema nervoso, aviva a mente e ajuda a aliviar dores de cabe\u00e7a e enxaquecas. Este \u00f3leo \u00e9 considerado o \u00f3leo dos estudantes pois melhora a mem\u00f3ria, aten\u00e7\u00e3o e concentra\u00e7\u00e3o, limpa a mente da confus\u00e3o, d\u00favida e da fadiga mental e ainda age como antiestresse e relaxante dos nervos.<\/p>\n<p class=\"s6\"><span class=\"s5\">FICHA T\u00c9CNICA<\/span><\/p>\n<p class=\"s9\"><span class=\"s8\">Nome da Subst\u00e2ncia:<\/span> \u00d3leo Essencial Alecrim Rosmarinho<\/p>\n<p class=\"s9\"><span class=\"s8\">Composi\u00e7\u00e3o<\/span>: 100%<\/p>\n<p class=\"s9\"><span class=\"s8\">CAS<\/span>: 8000-25-7<\/p>\n<p class=\"s9\"><span class=\"s8\">INCI<\/span>: Rosmarinus Officinalis Leaf Oil<\/p>\n<p class=\"s10\"><span class=\"s8\">Caracter\u00edsticas: <\/span>O \u00d3leo Essencial de Alecrim Rosmarinho \u00e9 obtido a partir das flores e folhas de <span class=\"s11\">Rosmarinus officinalis<\/span> L., Lamiaceae. Vindo do Mediterr\u00e2neo, o \u00f3leo de alecrim tornou-se famoso ao longo dos s\u00e9culos por seus diversos benef\u00edcios para a mente e o corpo. Usado na aromaterapia, o \u00f3leo de alecrim ajuda a reduzir os n\u00edveis de estresse e tens\u00e3o nervosa, aumenta a atividade mental, estimula a clareza e a percep\u00e7\u00e3o, alivia a fadiga e apoia a fun\u00e7\u00e3o respirat\u00f3ria. Em cosm\u00e9ticos para o cuidado do cabelo, as propriedades t\u00f4nicas do \u00d3leo Essencial de Alecrim estimulam os fol\u00edculos capilares para alongar e fortalecer o cabelo enquanto retarda o envelhecimento dos cabelos, previne a queda e por sua a\u00e7\u00e3o antioxidante, adstringente e antiss\u00e9ptica combate a seborreia e a caspa.<\/p>\n<p class=\"s12\"><span class=\"s8\">Aplica\u00e7\u00f5es:<\/span><\/p>\n<p class=\"s10\">Cosm\u00e9tico: Cremes e lo\u00e7\u00f5es corporais, desodorantes, t\u00f4nicos faciais, produtos para crescimento e fortalecimento capilar, \u00f3leos e cremes de massagem, \u00f3leos de banho, g\u00e9is e cremes para pernas cansadas.<\/p>\n<p class=\"s14\"><span class=\"s8\">Concentra\u00e7\u00e3o de uso:<\/span><span class=\"s8\"> \u00a0<\/span><span class=\"s13\">0,1 \u2013 1,0 %<\/span><\/p>\n<p class=\"s16\"><span class=\"s15\">CARACTER\u00cdSTICAS FISICO QU\u00cdMICAS<\/span><\/p>\n<table>\n<tbody>\n<tr>\n<td class=\"s17\">\n<div>\n<p class=\"s19\"><span class=\"s18\">Apar\u00eancia<\/span><\/p>\n<\/div>\n<\/td>\n<td class=\"s17\">\n<div>\n<p class=\"s19\">L\u00edquido l\u00edmpido<\/p>\n<\/div>\n<\/td>\n<\/tr>\n<tr>\n<td class=\"s17\">\n<div>\n<p class=\"s19\"><span class=\"s18\">Cor<\/span><\/p>\n<\/div>\n<\/td>\n<td class=\"s17\">\n<div>\n<p class=\"s19\">Incolor \u2013 Amarelo<\/p>\n<\/div>\n<\/td>\n<\/tr>\n<tr>\n<td class=\"s17\">\n<div>\n<p class=\"s19\"><span class=\"s18\">Odor<\/span><\/p>\n<\/div>\n<\/td>\n<td class=\"s17\">\n<div>\n<p class=\"s19\"><span class=\"s18\">Caracter\u00edstico<\/span><\/p>\n<\/div>\n<\/td>\n<\/tr>\n<tr>\n<td class=\"s17\">\n<div>\n<p class=\"s19\">Densidade (20\u00b0C)<\/p>\n<\/div>\n<\/td>\n<td class=\"s17\">\n<div>\n<p class=\"s19\">0,890 \u2013 0,910<\/p>\n<\/div>\n<\/td>\n<\/tr>\n<tr>\n<td class=\"s17\">\n<div>\n<p class=\"s19\">Ponto de Fulgor (vaso fechado)<\/p>\n<\/div>\n<\/td>\n<td class=\"s17\">\n<div>\n<p class=\"s19\">43\u00b0C<\/p>\n<\/div>\n<\/td>\n<\/tr>\n<\/tbody>\n<\/table>\n<p class=\"s10\">Esse produto n\u00e3o contem OGM e n\u00e3o foi utilizado para testes em animais.<\/p>\n<p class=\"s24\"><span class=\"s21\">ARMAZENAMENTO:<\/span><span class=\"s22\"> \u00a0<\/span><span class=\"s22\">Armazenar em local fresco e arejado ao abrigo da luz, \u00e0 temperatura constante preferencialmente ambiente.<\/span> <a name=\"_Hlk109982778\"><\/a><span class=\"s22\">Temperatura recomendada para armazenagem \u00e9 de 2<\/span><span class=\"s22\">2<\/span><span class=\"s22\">\u00b0C <\/span><span class=\"s22\">\u00b12<\/span><span class=\"s22\">\u00b0C<\/span><span class=\"s22\">.<\/span><\/p>\n","protected":false},"excerpt":{"rendered":"<p>\u00d3leo vegetal obtido por infus\u00e3o de folhas de alecrim.<br \/>\nUsado em formula\u00e7\u00f5es capilares e cosm\u00e9ticos antioxidantes.<br \/>\nRevigorante e estimulante.<br \/>\nAntiss\u00e9ptico suave.<\/p>\n","protected":false},"featured_media":2424,"comment_status":"open","ping_status":"closed","template":"","meta":{"_joinchat":[]},"product_brand":[],"product_cat":[55],"product_tag":[56],"class_list":{"0":"post-2097","1":"product","2":"type-product","3":"status-publish","4":"has-post-thumbnail","6":"product_cat-oleo-vegetal","7":"product_tag-vegetal","9":"first","10":"instock","11":"sold-individually","12":"taxable","13":"shipping-taxable","14":"purchasable","15":"product-type-variable"},"_links":{"self":[{"href":"https:\/\/ybibrazil.com\/zh-hans\/wp-json\/wp\/v2\/product\/2097","targetHints":{"allow":["GET"]}}],"collection":[{"href":"https:\/\/ybibrazil.com\/zh-hans\/wp-json\/wp\/v2\/product"}],"about":[{"href":"https:\/\/ybibrazil.com\/zh-hans\/wp-json\/wp\/v2\/types\/product"}],"replies":[{"embeddable":true,"href":"https:\/\/ybibrazil.com\/zh-hans\/wp-json\/wp\/v2\/comments?post=2097"}],"wp:featuredmedia":[{"embeddable":true,"href":"https:\/\/ybibrazil.com\/zh-hans\/wp-json\/wp\/v2\/media\/2424"}],"wp:attachment":[{"href":"https:\/\/ybibrazil.com\/zh-hans\/wp-json\/wp\/v2\/media?parent=2097"}],"wp:term":[{"taxonomy":"product_brand","embeddable":true,"href":"https:\/\/ybibrazil.com\/zh-hans\/wp-json\/wp\/v2\/product_brand?post=2097"},{"taxonomy":"product_cat","embeddable":true,"href":"https:\/\/ybibrazil.com\/zh-hans\/wp-json\/wp\/v2\/product_cat?post=2097"},{"taxonomy":"product_tag","embeddable":true,"href":"https:\/\/ybibrazil.com\/zh-hans\/wp-json\/wp\/v2\/product_tag?post=2097"}],"curies":[{"name":"wp","href":"https:\/\/api.w.org\/{rel}","templated":true}]}}