{"id":2184,"date":"2025-08-13T15:57:09","date_gmt":"2025-08-13T18:57:09","guid":{"rendered":"https:\/\/ybibrazil.com\/?post_type=product&#038;p=2184"},"modified":"2026-04-30T10:16:40","modified_gmt":"2026-04-30T13:16:40","slug":"manteiga-de-manga","status":"publish","type":"product","link":"https:\/\/ybibrazil.com\/zh-hans\/product\/manteiga-de-manga\/","title":{"rendered":"MANTEIGA DE MANGA"},"content":{"rendered":"<p>A Manga (Mangifera indica) \u00e9 uma das frutas mais importantes e mais largamente cultivadas em pa\u00edses tropicais. A manteiga de manga \u00e9 uma gordura leve, extra\u00edda do caro\u00e7o da manga, livre de pesticidas e de antioxidantes sint\u00e9ticos. Semelhante em propriedades \u00e0 manteiga de cacau e a manteiga de karit\u00e9, nossa manteiga de manga oferece uma textura cremosa, semiss\u00f3lida e macia. Possui um aroma muito suave que n\u00e3o ir\u00e1 competir com o aroma ou fragr\u00e2ncia do seu produto acabado. Tem um toque emoliente exuberante, sendo um ingrediente ideal para uso em formula\u00e7\u00f5es de cuidados da pele, prote\u00e7\u00e3o solar e tamb\u00e9m em produtos para o banho, pois garante a\u00e7\u00e3o sobreengordurante quando associada a tensoativos. Nossa Manteiga de Manga \u00e9 especialmente cremosa, confere toque aveludado, n\u00e3o oleoso e \u00e9 rapidamente absorvida pela pele deixando aquela sensa\u00e7\u00e3o de maciez e hidrata\u00e7\u00e3o.<\/p>\n<p>&nbsp;<\/p>\n<p class=\"s7\"><span class=\"s5\">FICHA T\u00c9CNICA<\/span><\/p>\n<p class=\"s10\"><span class=\"s8\">Nome da Subst\u00e2ncia:<\/span> <span class=\"s9\">MANTEIGA DE MANGA<\/span><\/p>\n<p class=\"s10\"><span class=\"s8\">Composi\u00e7\u00e3o:<\/span><span class=\"s9\"> 100%<\/span><\/p>\n<p class=\"s12\"><span class=\"s8\">CAS<\/span><span class=\"s9\">:<\/span> <span class=\"s11\">90063-86-8<\/span><\/p>\n<p class=\"s16\"><span class=\"s13\">INCI:<\/span> <span class=\"s15\">MANGIFERA INDICA SEED BUTTER<\/span><\/p>\n<p class=\"s18\"><span class=\"s8\">Caracter\u00edsticas: <\/span><\/p>\n<p class=\"s20\"><span class=\"s9\">A Manga (<\/span><span class=\"s19\">Mangifera<\/span><span class=\"s19\"> indica<\/span><span class=\"s9\">) \u00e9 uma das frutas mais importantes e mais largamente cultivadas em pa\u00edses tropicais. A manteiga de manga \u00e9 uma gordura leve, extra\u00edda do caro\u00e7o da manga, livre de pesticidas e de antioxidantes sint\u00e9ticos.<\/span> <span class=\"s9\">Semelhante em propriedades \u00e0 manteiga de cacau e<\/span><span class=\"s9\"> a<\/span><span class=\"s9\"> manteiga de <\/span><span class=\"s9\">karit\u00e9<\/span><span class=\"s9\">, nossa manteiga de manga oferece uma textura cremosa, semiss\u00f3lida e macia. Possui um aroma muito suave que n\u00e3o ir\u00e1 competir com o aroma ou fragr\u00e2ncia do seu produto acabado.<\/span><span class=\"s9\"> Tem um toque emoliente exuberante, sendo um ingrediente ideal para uso em formula\u00e7\u00f5es de cuidados da pele, prote\u00e7\u00e3o solar <\/span><span class=\"s9\">e tamb\u00e9m em produtos para o banho, pois garante <\/span><span class=\"s9\">a\u00e7\u00e3o<\/span> <span class=\"s9\">sobreengordurante<\/span><span class=\"s9\"> quando associada a tensoativos. <\/span><span class=\"s9\">Nossa Manteiga de Manga \u00e9 especialmente cremosa, confere toque aveludado<\/span><span class=\"s9\">, n\u00e3o oleoso<\/span><span class=\"s9\"> e<\/span><span class=\"s9\"> \u00e9 rapidamente absorvida pela pele deixando aquela sensa\u00e7\u00e3o de maciez e hidrata\u00e7\u00e3o. <\/span><\/p>\n<p class=\"s20\"><span class=\"s8\">Aplica\u00e7\u00f5es:<\/span> <span class=\"s9\">Devido a a\u00e7\u00e3o emoliente e regeneradora a Manteiga de Manga ajuda a reduzir o aparecimento de rugas e \u00e9 ideal para hidratar, suavizar e proteger a pele, l\u00e1bios e cabelos ressecados ou danificados. Em aplica\u00e7\u00f5es de cuidados com o cabelo, por ser um produto naturalmente rico em vitaminas e \u00e1cidos graxos promove nutri\u00e7\u00e3o e restaura\u00e7\u00e3o da haste capilar. Por isso \u00e9 bastante indicada em produtos para condicionar os cabelos, como m<\/span><span class=\"s9\">\u00e1<\/span><a name=\"_GoBack\"><\/a><span class=\"s9\">scaras hidratantes, restauradoras e finalizadores nutritivos. <\/span><\/p>\n<p class=\"s22\"><span class=\"s8\">Concentra\u00e7\u00e3o de uso:<\/span><span class=\"s8\"> \u00a0<\/span><span class=\"s11\">0,5 \u2013 5%<\/span><\/p>\n<p class=\"s24\"><span class=\"s23\">CARACTER\u00cdSTICAS F<\/span><span class=\"s23\">\u00cd<\/span><span class=\"s23\">SICO<\/span><span class=\"s23\">&#8211;<\/span><span class=\"s23\">QU\u00cdMICAS<\/span><\/p>\n<table>\n<tbody>\n<tr>\n<td class=\"s25\">\n<div>\n<p class=\"s26\"><span class=\"s11\">Apar\u00eancia<\/span><\/p>\n<\/div>\n<\/td>\n<td class=\"s25\">\n<div>\n<p class=\"s26\"><span class=\"s9\">S<\/span><span class=\"s9\">\u00f3<\/span><span class=\"s9\">lida <\/span><\/p>\n<\/div>\n<\/td>\n<\/tr>\n<tr>\n<td class=\"s25\">\n<div>\n<p class=\"s26\"><span class=\"s11\">Cor<\/span><\/p>\n<\/div>\n<\/td>\n<td class=\"s25\">\n<div>\n<p class=\"s26\"><span class=\"s9\">Branco Amarelada<\/span><\/p>\n<\/div>\n<\/td>\n<\/tr>\n<tr>\n<td class=\"s25\">\n<div>\n<p class=\"s26\"><span class=\"s11\">Odor<\/span><\/p>\n<\/div>\n<\/td>\n<td class=\"s25\">\n<div>\n<p class=\"s26\"><span class=\"s9\">Caracter\u00edstico <\/span><\/p>\n<\/div>\n<\/td>\n<\/tr>\n<tr>\n<td class=\"s25\">\n<div>\n<p class=\"s26\"><span class=\"s11\">\u00cdndice de Saponifica\u00e7\u00e3o (<\/span><span class=\"s11\">mgKOH<\/span><span class=\"s11\">\/g)<\/span><\/p>\n<\/div>\n<\/td>\n<td class=\"s25\">\n<div>\n<p class=\"s26\"><span class=\"s9\">183 &#8211; 198<\/span><\/p>\n<\/div>\n<\/td>\n<\/tr>\n<tr>\n<td class=\"s25\">\n<div>\n<p class=\"s27\"><span class=\"s11\">\u00c1cidos graxos livres (% m\/m)<\/span><\/p>\n<\/div>\n<\/td>\n<td class=\"s25\">\n<div>\n<p class=\"s26\"><span class=\"s9\">Max 0<\/span><span class=\"s9\">,<\/span><span class=\"s9\">5%<\/span><\/p>\n<\/div>\n<\/td>\n<\/tr>\n<tr>\n<td class=\"s25\">\n<div>\n<p class=\"s26\"><span class=\"s11\">\u00cdndice de Per\u00f3xido (<\/span><span class=\"s11\">meq<\/span><span class=\"s11\">\/Kg)<\/span><\/p>\n<\/div>\n<\/td>\n<td class=\"s25\">\n<div>\n<p class=\"s26\"><span class=\"s9\">&lt;10<\/span><\/p>\n<\/div>\n<\/td>\n<\/tr>\n<tr>\n<td class=\"s25\">\n<div>\n<p class=\"s27\"><span class=\"s11\">Ponto de fus\u00e3o (<\/span><span class=\"s11\">\u00baC<\/span><span class=\"s11\">)<\/span><\/p>\n<\/div>\n<\/td>\n<td class=\"s25\">\n<div>\n<p class=\"s26\"><span class=\"s11\">33 &#8211; \u00a038 <\/span><\/p>\n<\/div>\n<\/td>\n<\/tr>\n<tr>\n<td class=\"s25\">\n<div>\n<p class=\"s27\"><span class=\"s11\">Umidade (%)<\/span><\/p>\n<\/div>\n<\/td>\n<td class=\"s25\">\n<div>\n<p class=\"s27\"><span class=\"s11\">Max 0,5%<\/span><\/p>\n<\/div>\n<\/td>\n<\/tr>\n<\/tbody>\n<\/table>\n<p class=\"s30\"><span class=\"s29\">COMPOSI\u00c7\u00c3O GRAXA<\/span><\/p>\n<table>\n<tbody>\n<tr>\n<td>\n<div>\n<p class=\"s32\"><span class=\"s23\">ACIDOS GRAXOS<\/span><\/p>\n<\/div>\n<\/td>\n<td>\n<div>\n<p class=\"s32\"><span class=\"s23\">PORCENTAGEM (%)<\/span><\/p>\n<\/div>\n<\/td>\n<\/tr>\n<tr>\n<td>\n<div>\n<p class=\"s33\"><span class=\"s11\">\u00c1cido \u00a0palm\u00edtico<\/span><span class=\"s11\"> (16:0)<\/span><\/p>\n<\/div>\n<\/td>\n<td>\n<div>\n<p class=\"s33\"><span class=\"s11\">4<\/span><span class=\"s11\">,<\/span><span class=\"s11\">5<\/span><span class=\"s11\"> &#8211;<\/span><span class=\"s11\"> 7<\/span><span class=\"s11\">,0<\/span><\/p>\n<\/div>\n<\/td>\n<\/tr>\n<tr>\n<td>\n<div>\n<p class=\"s33\"><span class=\"s11\">\u00c1cido este\u00e1rico (18:0)<\/span><\/p>\n<\/div>\n<\/td>\n<td>\n<div>\n<p class=\"s33\"><span class=\"s11\">40<\/span> <span class=\"s11\">&#8211;<\/span> <span class=\"s11\">44<\/span><\/p>\n<\/div>\n<\/td>\n<\/tr>\n<tr>\n<td>\n<div>\n<p class=\"s33\"><span class=\"s11\">\u00c1cido oleico (18:1 \u00f4mega 9)<\/span><\/p>\n<\/div>\n<\/td>\n<td>\n<div>\n<p class=\"s33\"><span class=\"s11\">43 <\/span><span class=\"s11\">&#8211; <\/span><span class=\"s11\">49<\/span><\/p>\n<\/div>\n<\/td>\n<\/tr>\n<tr>\n<td>\n<div>\n<p class=\"s33\"><span class=\"s11\">\u00c1cido linoleico (<\/span><span class=\"s11\">18:2 \u00a0\u00f4mega<\/span><span class=\"s11\"> 6)<\/span><\/p>\n<\/div>\n<\/td>\n<td>\n<div>\n<p class=\"s33\"><span class=\"s11\">3<\/span><span class=\"s11\">,0 &#8211; <\/span><span class=\"s11\">6<\/span><span class=\"s11\">,0<\/span><\/p>\n<\/div>\n<\/td>\n<\/tr>\n<tr>\n<td>\n<div>\n<p class=\"s33\"><span class=\"s11\">\u00c1cido <\/span><span class=\"s11\">araquid\u00f4nico (20:4)<\/span><\/p>\n<\/div>\n<\/td>\n<td>\n<div>\n<p class=\"s33\"><span class=\"s11\">1,5 &#8211; 3,5<\/span><\/p>\n<\/div>\n<\/td>\n<\/tr>\n<\/tbody>\n<\/table>\n<p class=\"s34\"><span class=\"s29\">ARMAZENAMENTO:<\/span><span class=\"s15\"> \u00a0<\/span><span class=\"s15\">Armazenar em local fresco e arejado ao abrigo da luz, \u00e0 temperatura constante preferencialmente ambiente. <\/span><span class=\"s15\">Temperatura recomendada para armazenagem \u00e9 de 22\u00b0C \u00b12\u00b0C.<\/span><\/p>\n<p class=\"s36\"><span class=\"s13\">REFERENCIAS: <\/span><\/p>\n<p class=\"s39\"><span class=\"s9\">&#8211; <\/span><span class=\"s37\">JAHURUL, M. H. A. et al. <\/span><span class=\"s37\">Mango (<\/span><span class=\"s37\">Mangifera<\/span> <span class=\"s37\">indica<\/span><span class=\"s37\"> L.) by-products and their valuable components: A review.\u00a0<\/span><span class=\"s38\">Food chemistry<\/span><span class=\"s37\">, v. 183, p. 173-180, 2015.<\/span><\/p>\n<p class=\"s17\"><span class=\"s9\">&#8211; <\/span><span class=\"s37\">KEMAL, <\/span><span class=\"s37\">Mustefa<\/span><span class=\"s37\">.\u00a0<\/span><span class=\"s38\">Optimization of Process Parameters for the Extraction of Oil from Mango Seed Kernel (<\/span><span class=\"s38\">Mangifera<\/span> <span class=\"s38\">indica<\/span><span class=\"s38\">) for Cosmetics Application<\/span><span class=\"s37\">. <\/span><span class=\"s37\">2015. Tese de Doutorado. Addis <\/span><span class=\"s37\">Ababa<\/span> <span class=\"s37\">University<\/span><span class=\"s37\">.<\/span><\/p>\n","protected":false},"excerpt":{"rendered":"<p>Gordura vegetal extra\u00edda do caro\u00e7o da manga. Usada em produtos hidratantes e condicionadores. Nutre profundamente a pele e os cabelos. Tem a\u00e7\u00e3o antioxidante e regeneradora. N\u00e3o \u00e9 utilizada como \u00f3leo essencial, mas sua manteiga pode ser base de cremes calmantes e sensoriais.<\/p>\n","protected":false},"featured_media":2262,"comment_status":"open","ping_status":"closed","template":"","meta":{"_joinchat":[]},"product_brand":[],"product_cat":[58],"product_tag":[],"class_list":{"0":"post-2184","1":"product","2":"type-product","3":"status-publish","4":"has-post-thumbnail","6":"product_cat-manteiga","8":"first","9":"instock","10":"sold-individually","11":"taxable","12":"shipping-taxable","13":"purchasable","14":"product-type-variable"},"_links":{"self":[{"href":"https:\/\/ybibrazil.com\/zh-hans\/wp-json\/wp\/v2\/product\/2184","targetHints":{"allow":["GET"]}}],"collection":[{"href":"https:\/\/ybibrazil.com\/zh-hans\/wp-json\/wp\/v2\/product"}],"about":[{"href":"https:\/\/ybibrazil.com\/zh-hans\/wp-json\/wp\/v2\/types\/product"}],"replies":[{"embeddable":true,"href":"https:\/\/ybibrazil.com\/zh-hans\/wp-json\/wp\/v2\/comments?post=2184"}],"wp:featuredmedia":[{"embeddable":true,"href":"https:\/\/ybibrazil.com\/zh-hans\/wp-json\/wp\/v2\/media\/2262"}],"wp:attachment":[{"href":"https:\/\/ybibrazil.com\/zh-hans\/wp-json\/wp\/v2\/media?parent=2184"}],"wp:term":[{"taxonomy":"product_brand","embeddable":true,"href":"https:\/\/ybibrazil.com\/zh-hans\/wp-json\/wp\/v2\/product_brand?post=2184"},{"taxonomy":"product_cat","embeddable":true,"href":"https:\/\/ybibrazil.com\/zh-hans\/wp-json\/wp\/v2\/product_cat?post=2184"},{"taxonomy":"product_tag","embeddable":true,"href":"https:\/\/ybibrazil.com\/zh-hans\/wp-json\/wp\/v2\/product_tag?post=2184"}],"curies":[{"name":"wp","href":"https:\/\/api.w.org\/{rel}","templated":true}]}}